{"id":14004,"date":"2024-04-16T23:07:50","date_gmt":"2024-04-17T03:07:50","guid":{"rendered":"https:\/\/smamontreal.ca\/?page_id=14004"},"modified":"2025-05-05T11:51:52","modified_gmt":"2025-05-05T15:51:52","slug":"les-vepres-de-monteverdi","status":"publish","type":"page","link":"https:\/\/smamontreal.ca\/en\/les-vepres-de-monteverdi\/","title":{"rendered":"Les V\u00eapres de Monteverdi"},"content":{"rendered":"<div class='flex_column av-40fcnkk-f25efdadf229ed54f2fca709728e8b60 av_one_half  avia-builder-el-0  el_before_av_one_half  avia-builder-el-first  first flex_column_div '     ><p><div  class='avia-slideshow av-lv38coqw-0177d5784b8c6ed5ea2cd86f7d03c031 avia-slideshow-no scaling av_slideshow avia-slide-slider  avia-builder-el-1  el_before_av_social_share  avia-builder-el-first  av-slideshow-ui av-control-default av-slideshow-autoplay av-loop-endless av-loop-manual-endless av-default-height-applied avia-slideshow-1' data-slideshow-options=\"{&quot;animation&quot;:&quot;slide&quot;,&quot;autoplay&quot;:true,&quot;loop_autoplay&quot;:&quot;endless&quot;,&quot;interval&quot;:5,&quot;loop_manual&quot;:&quot;manual-endless&quot;,&quot;autoplay_stopper&quot;:false,&quot;noNavigation&quot;:false,&quot;bg_slider&quot;:false,&quot;keep_padding&quot;:false,&quot;hoverpause&quot;:false,&quot;show_slide_delay&quot;:0}\"  itemprop=\"image\" itemscope=\"itemscope\" itemtype=\"https:\/\/schema.org\/ImageObject\" ><ul class='avia-slideshow-inner ' style='padding-bottom: 111.92170818505%;'><li  class='avia-slideshow-slide av-lv38coqw-0177d5784b8c6ed5ea2cd86f7d03c031__0  av-single-slide slide-1 slide-odd'><div data-rel='slideshow-1' class='avia-slide-wrap '   ><img class=\"wp-image-14005 avia-img-lazy-loading-not-14005\"  src=\"https:\/\/smamontreal.ca\/wp-content\/uploads\/2024\/04\/SMAM_2024-25_pageweb_concerts_5_vepres_monteverdi_ENG.jpg\" width=\"562\" height=\"629\" title='SMAM_2024-25_pageweb_concerts_5_vepres_monteverdi_ENG' alt=''  itemprop=\"thumbnailUrl\" srcset=\"https:\/\/smamontreal.ca\/wp-content\/uploads\/2024\/04\/SMAM_2024-25_pageweb_concerts_5_vepres_monteverdi_ENG.jpg 562w, https:\/\/smamontreal.ca\/wp-content\/uploads\/2024\/04\/SMAM_2024-25_pageweb_concerts_5_vepres_monteverdi_ENG-268x300.jpg 268w, https:\/\/smamontreal.ca\/wp-content\/uploads\/2024\/04\/SMAM_2024-25_pageweb_concerts_5_vepres_monteverdi_ENG-450x504.jpg 450w\" sizes=\"(max-width: 562px) 100vw, 562px\" \/><\/div><\/li><\/ul><\/div><br \/>\n<div  class='av-social-sharing-box av-33rues4-ed28406586c65af81608b7f41bbb39ed av-social-sharing-box-minimal  avia-builder-el-2  el_after_av_slideshow  avia-builder-el-last  av-social-sharing-box-fullwidth'><div class=\"av-share-box\"><ul class=\"av-share-box-list noLightbox\"><li class='av-share-link av-social-link-facebook' ><a target=\"_blank\" aria-label=\"Share on Facebook\" href='https:\/\/www.facebook.com\/sharer.php?u=https:\/\/smamontreal.ca\/en\/les-vepres-de-monteverdi\/&#038;t=Les%20V%C3%AApres%20de%20Monteverdi' aria-hidden='false' data-av_icon='\ue8f3' data-av_iconfont='entypo-fontello' title='' data-avia-related-tooltip='Share on Facebook' rel=\"noopener\"><span class='avia_hidden_link_text'>Share on Facebook<\/span><\/a><\/li><li class='av-share-link av-social-link-twitter' ><a target=\"_blank\" aria-label=\"Share on Twitter\" href='https:\/\/twitter.com\/share?text=Les%20V%C3%AApres%20de%20Monteverdi&#038;url=https:\/\/smamontreal.ca\/en\/?p=14004' aria-hidden='false' data-av_icon='\ue8f1' data-av_iconfont='entypo-fontello' title='' data-avia-related-tooltip='Share on Twitter' rel=\"noopener\"><span class='avia_hidden_link_text'>Share on Twitter<\/span><\/a><\/li><li class='av-share-link av-social-link-mail' ><a  aria-label=\"Share by Mail\" href='mailto:?subject=Les%20V%C3%AApres%20de%20Monteverdi&#038;body=https:\/\/smamontreal.ca\/en\/les-vepres-de-monteverdi\/' aria-hidden='false' data-av_icon='\ue805' data-av_iconfont='entypo-fontello' title='' data-avia-related-tooltip='Share by Mail'><span class='avia_hidden_link_text'>Share by Mail<\/span><\/a><\/li><\/ul><\/div><\/div><\/p><\/div>\n\n<style type=\"text\/css\" data-created_by=\"avia_inline_auto\" id=\"style-css-av-2mfppbo-322c90ad71a5f1f8a431b88c9c191014\">\n.flex_column.av-2mfppbo-322c90ad71a5f1f8a431b88c9c191014{\n-webkit-border-radius:0px 0px 0px 0px;\n-moz-border-radius:0px 0px 0px 0px;\nborder-radius:0px 0px 0px 0px;\n}\n<\/style>\n<div class='flex_column av-2mfppbo-322c90ad71a5f1f8a431b88c9c191014 av_one_half  avia-builder-el-3  el_after_av_one_half  avia-builder-el-last  flex_column_div av-zero-column-padding '     ><p><section  class='av_textblock_section av-lv4kwobn-574a54ccc48fcfa8f486cfb514984305'  itemscope=\"itemscope\" itemtype=\"https:\/\/schema.org\/CreativeWork\" ><div class='avia_textblock'  itemprop=\"text\" ><p><span style=\"color: #ffffff;\">&#8211;<\/span><\/p>\n<\/div><\/section><br \/>\n\n<style type=\"text\/css\" data-created_by=\"avia_inline_auto\" id=\"style-css-av-lv38dtn2-8628f6e43fd4a30dd7b5a58b286b1ff2\">\n#top .av_textblock_section.av-lv38dtn2-8628f6e43fd4a30dd7b5a58b286b1ff2 .avia_textblock{\ncolor:#000000;\n}\n<\/style>\n<section  class='av_textblock_section av-lv38dtn2-8628f6e43fd4a30dd7b5a58b286b1ff2'  itemscope=\"itemscope\" itemtype=\"https:\/\/schema.org\/CreativeWork\" ><div class='avia_textblock av_inherit_color'  itemprop=\"text\" ><p><span style=\"color: #ffffff;\">&#8211;<\/span><strong><br \/>\n<\/strong><\/p>\n<p><strong>Saturday, April 26, 2025 \u2013 4 pm<\/strong><i><span style=\"font-weight: 400;\"><br \/>\n<\/span><\/i>Bourgie Hall<br \/>\n1339, Sherbrooke West<br \/>\nMontr\u00e9al, H3G 1G2<\/p>\n<p><img loading=\"lazy\" class=\"agency\" src=\"https:\/\/appassets.mvtdev.com\/index\/public-transit-resources\/img\/transit-types\/bus.svg\" alt=\"Bus\" width=\"20\" height=\"20\" \/> Bus : 24 \u2013 stop De la Montagne<br \/>\n<img loading=\"lazy\" src=\"data:image\/png;base64,iVBORw0KGgoAAAANSUhEUgAAADQAAAA0CAYAAADFeBvrAAAAGXRFWHRTb2Z0d2FyZQBBZG9iZSBJbWFnZVJlYWR5ccllPAAAA4RpVFh0WE1MOmNvbS5hZG9iZS54bXAAAAAAADw\/eHBhY2tldCBiZWdpbj0i77u\/IiBpZD0iVzVNME1wQ2VoaUh6cmVTek5UY3prYzlkIj8+IDx4OnhtcG1ldGEgeG1sbnM6eD0iYWRvYmU6bnM6bWV0YS8iIHg6eG1wdGs9IkFkb2JlIFhNUCBDb3JlIDUuNi1jMDE0IDc5LjE1Njc5NywgMjAxNC8wOC8yMC0wOTo1MzowMiAgICAgICAgIj4gPHJkZjpSREYgeG1sbnM6cmRmPSJodHRwOi8vd3d3LnczLm9yZy8xOTk5LzAyLzIyLXJkZi1zeW50YXgtbnMjIj4gPHJkZjpEZXNjcmlwdGlvbiByZGY6YWJvdXQ9IiIgeG1sbnM6eG1wTU09Imh0dHA6Ly9ucy5hZG9iZS5jb20veGFwLzEuMC9tbS8iIHhtbG5zOnN0UmVmPSJodHRwOi8vbnMuYWRvYmUuY29tL3hhcC8xLjAvc1R5cGUvUmVzb3VyY2VSZWYjIiB4bWxuczp4bXA9Imh0dHA6Ly9ucy5hZG9iZS5jb20veGFwLzEuMC8iIHhtcE1NOk9yaWdpbmFsRG9jdW1lbnRJRD0ieG1wLmRpZDo5MTJiOGZjZi1jYTQyLTQ0YjMtODVjZi03MGExNmQ0YmI1NTIiIHhtcE1NOkRvY3VtZW50SUQ9InhtcC5kaWQ6NzE0RjUyNjhERTkwMTFFNEJBOTVBOEY1NUM2MzE0ODAiIHhtcE1NOkluc3RhbmNlSUQ9InhtcC5paWQ6NzE0RjUyNjdERTkwMTFFNEJBOTVBOEY1NUM2MzE0ODAiIHhtcDpDcmVhdG9yVG9vbD0iQWRvYmUgUGhvdG9zaG9wIENDIDIwMTQgKFdpbmRvd3MpIj4gPHhtcE1NOkRlcml2ZWRGcm9tIHN0UmVmOmluc3RhbmNlSUQ9InhtcC5paWQ6NmM3ZDY2YjgtODQzMS1kYzRhLThkOWMtY2JlOGVkMzM1MGMyIiBzdFJlZjpkb2N1bWVudElEPSJhZG9iZTpkb2NpZDpwaG90b3Nob3A6Yzg4MjM1ZTQtZGU4ZC0xMWU0LWFlY2ItZDIzM2ZlMWY2ZDE3Ii8+IDwvcmRmOkRlc2NyaXB0aW9uPiA8L3JkZjpSREY+IDwveDp4bXBtZXRhPiA8P3hwYWNrZXQgZW5kPSJyIj8+EueJHwAABUVJREFUeNrsWn9oVVUcv3srMVyRbqsUwR8YK5CHEMNGMBQMRUI2ikQYIfpfRU1eMJiOBC0QHLiQBBEaOpCi3JAcmYKQOogRqPhHs0AEmdPUoSlYutnnS58rhy\/nx33v3b3XG33hw3n33nO+3+\/n3nO+55zveVUR5OWGV15E8TnQCsyOKkvGgX6g87eRX69XkczPwIKosuUKsLy6tq7uC\/xYGVW+PA\/MybCbTRdpzVTgmPHJ7KemSPF94AIwAlwD7vF+DTAXaACywKy0DadJ6CrQBxwFhhFxHvkqIxiJ7UZgHdAGzE\/DCYlyj4vUcQ7YAQyAxGQhCuCDdP0WoAtYVi5CfwAdQC+IPE7j7cKXKhQbgV1AfSE6MgXaPgEsBZGvfGTgYE2Se7GILtEpummjJGNoD5CzdS+Oi7WcCuK5baGqdhH1pDzFGX5Qjzdc30CdNfjZDbRPJaEuGNtpIfI0iveBT9TgvuLQs4BdS3AV7Xej\/BK6Hxqk5IVtwbNbHKOpd7k9DjLLUZznlyskUs1n2\/PUpbvhTj5PlZD055yFzAcozgCvphATRMcZ6tSSSzqmMgmjWZseMzD8KYq9Kc9lomsvdUeq+7XRl6IJdcggtXyZ7VO4hNmuvxR96CiWkEyavYrM6yh6SrAu66EtU3rpU8GEdpjzDAzMQHEIqC4BIbFxiDafzFOhiJcJrM0G1L0PgSUlXD0voU1TBuhb3oT6zEDAN5Urw5Ygp77SJBfBeRM6qq7fAuaVgdA82vb5FiQk+5lhde\/tMm7ctO1h+piY0AXLfmZFGQmtUCH8ETeQiQmNqFBdW6bu9qTb0QenjyFC19T1Yke9H4HJFB2fpE6bLA746CV0T13b9v778elXo9wAPEyBjOjYQJ37Lc9nBXwsaoN3hNsF6c\/fcA\/0ZxFkpO1a6oqo+4jeXRezOK2xGIxljIvVCWOQnuSG7mYBZKTNSuqI9U1wMTpm1Lsb8NFLaK66vmz8fknWVOZkRyd+QdGk6oZE6jaxbaQm8V7asvlg89FLqEE5exvFqHHrXeAYDD+r6v2O4g1XSNVTg9RlG5OM6DxGG7GM0genjyFCWeYHTDmlrlfJPdSrV6Qk+jQDP3nIyLNm1jXJ1NPOKp9t+pbNh5BElEZ171tLvdeAIRhYpEjdQSHR6jtLG7m3mnVMJ0XHEHVGAduNjsjrjXLr1PWgGqTmivgsHMoqUg+AnCVHIBmjB4qMtD3rWMmP0bbPt0SE2pjRjB35mwlAVxA5jfrN+YY4tjntGuRik7bj+hlGwLwJSTamRd3b51pyQJ4DjsNgax5kpO5xtnUtwfapey2+7FJoYu1iejb+Sn+h2ARMOOrPlP6ONpsTkNnMsTHTUUVsbKLNuI340lXMFnwZk4HmGBgKbPRE5wEY3+ohI88OBOznaMuUjVEgmZ8kWS+po6WWzI8kALcG2spxZ3ucl+AblqThR4F2n6HNNmXvBRQXo0ASP+npgyT51lhycx9H\/+affUmTr4H3+PsgsN5Td4JfpkfZkS\/5A\/BmGnm5iIq6LSG4h5PoJU9bIfA94SNziZOtLUXWnYRMvqvtdrypbRZSQ5y1tzjmqfiFuBwaY9usZcxEtJn4BKKQAy\/fccoMbiXe4erbtcsd5XJGotygOc+obpb3cUqhJ3gnuIW4EQjNc1AsMuYZ2QJctiw0I0sA6EvazdIgFEe\/\/9yR5P+Hxh6ZNsf6rkRlxf\/xQu+nmoiSivTd8Wj6yLgQ6p9GhPqFUGfkPn6vJBEOndW3b928X1tXdxgXMgkuBJ6ptG4GiP+Sdb3+jwADAIWL82t0Zk9IAAAAAElFTkSuQmCC\" alt=\"M\u00e9tro\" width=\"20\" height=\"20\" \/> M\u00e9tro : Guy-Concordia, Peel or Lucien-L\u2019Allier<\/p>\n<\/div><\/section><br \/>\n\n<style type=\"text\/css\" data-created_by=\"avia_inline_auto\" id=\"style-css-av-1mn58r8-c8bb664016c181c344e9dab2b9d02ae2\">\n#top .av-special-heading.av-1mn58r8-c8bb664016c181c344e9dab2b9d02ae2{\npadding-bottom:15px;\n}\nbody .av-special-heading.av-1mn58r8-c8bb664016c181c344e9dab2b9d02ae2 .av-special-heading-tag .heading-char{\nfont-size:25px;\n}\n.av-special-heading.av-1mn58r8-c8bb664016c181c344e9dab2b9d02ae2 .av-subheading{\nfont-size:10px;\n}\n<\/style>\n<div  class='av-special-heading av-1mn58r8-c8bb664016c181c344e9dab2b9d02ae2 av-special-heading-h3 meta-heading  avia-builder-el-6  el_after_av_textblock  el_before_av_textblock '><h3 class='av-special-heading-tag'  itemprop=\"headline\"  >SUMMARY<\/h3><div class=\"special-heading-border\"><div class=\"special-heading-inner-border\"><\/div><\/div><\/div><br \/>\n\n<style type=\"text\/css\" data-created_by=\"avia_inline_auto\" id=\"style-css-av-lv38e77t-c8e442561b8affdcd444bb9174c1bca9\">\n#top .av_textblock_section.av-lv38e77t-c8e442561b8affdcd444bb9174c1bca9 .avia_textblock{\ncolor:#000000;\n}\n<\/style>\n<section  class='av_textblock_section av-lv38e77t-c8e442561b8affdcd444bb9174c1bca9'  itemscope=\"itemscope\" itemtype=\"https:\/\/schema.org\/CreativeWork\" ><div class='avia_textblock av_inherit_color'  itemprop=\"text\" ><p>Masterful architecture, a variety of textures and atmospheres, powerful dual choirs, spectacular instruments, sensually beautiful melodic lines\u2026 everything works together to make hearing the Vespro della Beata Vergine, which Monteverdi published in 1610, a supreme artistic experience. For its 50th anniversary, the SMAM is returning to this masterpiece, which has lost none of its youthfulness and vitality\u2026 and which, over the years, the Studio has upheld so magnificently.<\/p>\n<section>\n<div><\/div>\n<\/section>\n<\/div><\/section><br \/>\n\n<style type=\"text\/css\" data-created_by=\"avia_inline_auto\" id=\"style-css-av-3srkgk-f42f33d3c7b6a138a98f8fa9f61fade8\">\n#top .av-special-heading.av-3srkgk-f42f33d3c7b6a138a98f8fa9f61fade8{\npadding-bottom:15px;\n}\nbody .av-special-heading.av-3srkgk-f42f33d3c7b6a138a98f8fa9f61fade8 .av-special-heading-tag .heading-char{\nfont-size:25px;\n}\n.av-special-heading.av-3srkgk-f42f33d3c7b6a138a98f8fa9f61fade8 .av-subheading{\nfont-size:10px;\n}\n<\/style>\n<div  class='av-special-heading av-3srkgk-f42f33d3c7b6a138a98f8fa9f61fade8 av-special-heading-h3 meta-heading  avia-builder-el-8  el_after_av_textblock  el_before_av_textblock '><h3 class='av-special-heading-tag'  itemprop=\"headline\"  >PROGRAM<\/h3><div class=\"special-heading-border\"><div class=\"special-heading-inner-border\"><\/div><\/div><\/div><br \/>\n\n<style type=\"text\/css\" data-created_by=\"avia_inline_auto\" id=\"style-css-av-lv38eg0c-e85aec1eaf58478f77ef86b7ef8f4114\">\n#top .av_textblock_section.av-lv38eg0c-e85aec1eaf58478f77ef86b7ef8f4114 .avia_textblock{\ncolor:#000000;\n}\n<\/style>\n<section  class='av_textblock_section av-lv38eg0c-e85aec1eaf58478f77ef86b7ef8f4114'  itemscope=\"itemscope\" itemtype=\"https:\/\/schema.org\/CreativeWork\" ><div class='avia_textblock av_inherit_color'  itemprop=\"text\" ><p><strong>Claudio Monteverdi<\/strong>\u00a0(1567-1643)<br \/>\n<em>Vespro della Beata Vergine da concerto, composta sopra canti fermi<\/em>, pour solistes, double ch\u0153ur, 2 fl\u00fbtes \u00e0 bec, 3 cornets \u00e0 bouquin, 3 trombones, 3 violons, alto et basse continue (Venise, 1610)<\/p>\n<\/div><\/section><br \/>\n\n<style type=\"text\/css\" data-created_by=\"avia_inline_auto\" id=\"style-css-av-l56zpw-e348a9115b2f5dff8bf268a14ab32609\">\n#top .av-special-heading.av-l56zpw-e348a9115b2f5dff8bf268a14ab32609{\npadding-bottom:15px;\n}\nbody .av-special-heading.av-l56zpw-e348a9115b2f5dff8bf268a14ab32609 .av-special-heading-tag .heading-char{\nfont-size:25px;\n}\n.av-special-heading.av-l56zpw-e348a9115b2f5dff8bf268a14ab32609 .av-subheading{\nfont-size:10px;\n}\n<\/style>\n<div  class='av-special-heading av-l56zpw-e348a9115b2f5dff8bf268a14ab32609 av-special-heading-h3 meta-heading  avia-builder-el-10  el_after_av_textblock  el_before_av_textblock '><h3 class='av-special-heading-tag'  itemprop=\"headline\"  >DISTRIBUTION<\/h3><div class=\"special-heading-border\"><div class=\"special-heading-inner-border\"><\/div><\/div><\/div><br \/>\n\n<style type=\"text\/css\" data-created_by=\"avia_inline_auto\" id=\"style-css-av-lv38fhf5-376b0a7b1e98832caf0cf81d7242a030\">\n#top .av_textblock_section.av-lv38fhf5-376b0a7b1e98832caf0cf81d7242a030 .avia_textblock{\ncolor:#000000;\n}\n<\/style>\n<section  class='av_textblock_section av-lv38fhf5-376b0a7b1e98832caf0cf81d7242a030'  itemscope=\"itemscope\" itemtype=\"https:\/\/schema.org\/CreativeWork\" ><div class='avia_textblock av_inherit_color'  itemprop=\"text\" ><p><strong>Soloists<\/strong><br \/>\n<strong>Anne-Marie Beaudette<\/strong> et <strong>Marie Magistry<\/strong>, sopranos<br \/>\n<strong>Nils Brown<\/strong> et <strong>Michiel Schrey<\/strong>, t\u00e9nors<br \/>\n<strong>William Kraushaar<\/strong> et <strong>John Giffen<\/strong>, basses<\/p>\n<p><strong>Chorists &#8211; Soloists<\/strong><br \/>\n<strong>Jos\u00e9e Lalonde<\/strong>, alto<br \/>\n<strong>Kerry Bursey<\/strong>, t\u00e9nor<\/p>\n<p><strong>Chorists\u00a0<\/strong><br \/>\n<strong>Len Torrie<\/strong> et <strong>Rebecca Dowd<\/strong>, sopranos<br \/>\n<strong>Kristen De Marchi<\/strong> et <strong>Marie-Andr\u00e9e Mathieu<\/strong>, altos<br \/>\n<strong>William Duffy<\/strong>, counter-tenor<br \/>\n<strong>Nathan LeLi\u00e8vre<\/strong>, tenor<br \/>\n<strong>Kevin Marimbu<\/strong> et <strong>Noah Wright<\/strong>, basses<\/p>\n<p><strong>Instrumentistes<br \/>\nSallynee Amawat <\/strong>et<strong> Shin Jimin<\/strong>, violons<br \/>\n<strong>Jacques-Andr\u00e9 Houle <\/strong>et<strong> Margaret Little<\/strong>, altos<br \/>\n<strong>Amanda Keesmaat<\/strong>, cello<br \/>\n<strong>Francis Palma-Pelletier<\/strong>, violone<br \/>\n<strong>Karim Nasr<\/strong>, dulciane<br \/>\n<strong>Alexa Raine-Wright<\/strong> et <strong>Vincent Lauzer<\/strong>, fl\u00fbtes<br \/>\n<strong>Matthew Jennejohn<\/strong>, <strong>Roman Golovanov<\/strong>, <strong>Shawn Spicer<\/strong>, cornets<br \/>\n<strong>Dominique Lortie<\/strong>, <strong>Peter Christensen<\/strong>, <strong>Trevor Dix<\/strong>, sacqueboutes<br \/>\n<strong>Sylvain Bergeron<\/strong>, theorbo<br \/>\n<strong>Christophe Gauthier<\/strong>, organ<strong><\/p>\n<p>Andrew McAnerney<\/strong>, direction<\/p>\n<\/div><\/section><\/p><\/div>\n","protected":false},"excerpt":{"rendered":"<p>An absolute masterpiece, a jewel in our repertoire<\/p>\n","protected":false},"author":2,"featured_media":14005,"parent":0,"menu_order":0,"comment_status":"closed","ping_status":"closed","template":"","meta":{"episode_type":"","audio_file":"","cover_image":"","cover_image_id":"","duration":"","filesize":"","date_recorded":"","explicit":"","block":"","filesize_raw":""},"yst_prominent_words":[],"_links":{"self":[{"href":"https:\/\/smamontreal.ca\/en\/wp-json\/wp\/v2\/pages\/14004"}],"collection":[{"href":"https:\/\/smamontreal.ca\/en\/wp-json\/wp\/v2\/pages"}],"about":[{"href":"https:\/\/smamontreal.ca\/en\/wp-json\/wp\/v2\/types\/page"}],"author":[{"embeddable":true,"href":"https:\/\/smamontreal.ca\/en\/wp-json\/wp\/v2\/users\/2"}],"replies":[{"embeddable":true,"href":"https:\/\/smamontreal.ca\/en\/wp-json\/wp\/v2\/comments?post=14004"}],"version-history":[{"count":14,"href":"https:\/\/smamontreal.ca\/en\/wp-json\/wp\/v2\/pages\/14004\/revisions"}],"predecessor-version":[{"id":15614,"href":"https:\/\/smamontreal.ca\/en\/wp-json\/wp\/v2\/pages\/14004\/revisions\/15614"}],"wp:featuredmedia":[{"embeddable":true,"href":"https:\/\/smamontreal.ca\/en\/wp-json\/wp\/v2\/media\/14005"}],"wp:attachment":[{"href":"https:\/\/smamontreal.ca\/en\/wp-json\/wp\/v2\/media?parent=14004"}],"wp:term":[{"taxonomy":"yst_prominent_words","embeddable":true,"href":"https:\/\/smamontreal.ca\/en\/wp-json\/wp\/v2\/yst_prominent_words?post=14004"}],"curies":[{"name":"wp","href":"https:\/\/api.w.org\/{rel}","templated":true}]}}