{"id":15283,"date":"2025-03-11T12:16:59","date_gmt":"2025-03-11T16:16:59","guid":{"rendered":"https:\/\/smamontreal.ca\/?page_id=15283"},"modified":"2025-03-11T14:51:21","modified_gmt":"2025-03-11T18:51:21","slug":"weekend-bach-2025","status":"publish","type":"page","link":"https:\/\/smamontreal.ca\/en\/weekend-bach-2025\/","title":{"rendered":"Weekend Bach+ 2025"},"content":{"rendered":"<div class='flex_column av-42x94wj-0183148eb624797e5bc33e25dd53f721 av_one_half  avia-builder-el-0  el_before_av_one_half  avia-builder-el-first  first flex_column_div '     ><p><div  class='avia-slideshow av-m84oxy7h-a5cc11f7cbdcc079c4b3eac84705ff05 avia-slideshow-no scaling av_slideshow avia-slide-slider  avia-builder-el-1  el_before_av_social_share  avia-builder-el-first  av-slideshow-ui av-control-default av-slideshow-autoplay av-loop-endless av-loop-manual-endless av-default-height-applied avia-slideshow-1' data-slideshow-options=\"{&quot;animation&quot;:&quot;slide&quot;,&quot;autoplay&quot;:true,&quot;loop_autoplay&quot;:&quot;endless&quot;,&quot;interval&quot;:5,&quot;loop_manual&quot;:&quot;manual-endless&quot;,&quot;autoplay_stopper&quot;:false,&quot;noNavigation&quot;:false,&quot;bg_slider&quot;:false,&quot;keep_padding&quot;:false,&quot;hoverpause&quot;:false,&quot;show_slide_delay&quot;:0}\"  itemprop=\"image\" itemscope=\"itemscope\" itemtype=\"https:\/\/schema.org\/ImageObject\" ><ul class='avia-slideshow-inner ' style='padding-bottom: 28.148148148148%;'><li  class='avia-slideshow-slide av-m84oxy7h-a5cc11f7cbdcc079c4b3eac84705ff05__0  av-single-slide slide-1 slide-odd'><div data-rel='slideshow-1' class='avia-slide-wrap '   ><img class=\"wp-image-15276 avia-img-lazy-loading-not-15276\"  src=\"https:\/\/smamontreal.ca\/wp-content\/uploads\/2025\/03\/2025BachPLUS_WebsiteBanner_FR.jpg\" width=\"1080\" height=\"304\" title='2025BachPLUS_WebsiteBanner_FR' alt=''  itemprop=\"thumbnailUrl\" srcset=\"https:\/\/smamontreal.ca\/wp-content\/uploads\/2025\/03\/2025BachPLUS_WebsiteBanner_FR.jpg 1080w, https:\/\/smamontreal.ca\/wp-content\/uploads\/2025\/03\/2025BachPLUS_WebsiteBanner_FR-300x84.jpg 300w, https:\/\/smamontreal.ca\/wp-content\/uploads\/2025\/03\/2025BachPLUS_WebsiteBanner_FR-1030x290.jpg 1030w, https:\/\/smamontreal.ca\/wp-content\/uploads\/2025\/03\/2025BachPLUS_WebsiteBanner_FR-768x216.jpg 768w, https:\/\/smamontreal.ca\/wp-content\/uploads\/2025\/03\/2025BachPLUS_WebsiteBanner_FR-705x198.jpg 705w, https:\/\/smamontreal.ca\/wp-content\/uploads\/2025\/03\/2025BachPLUS_WebsiteBanner_FR-450x127.jpg 450w\" sizes=\"(max-width: 1080px) 100vw, 1080px\" \/><\/div><\/li><\/ul><\/div><br \/>\n<div  class='av-social-sharing-box av-36rlw9f-b0b47617888ac95bf35b43658635987e av-social-sharing-box-minimal  avia-builder-el-2  el_after_av_slideshow  avia-builder-el-last  av-social-sharing-box-fullwidth'><div class=\"av-share-box\"><ul class=\"av-share-box-list noLightbox\"><li class='av-share-link av-social-link-facebook' ><a target=\"_blank\" aria-label=\"Share on Facebook\" href='https:\/\/www.facebook.com\/sharer.php?u=https:\/\/smamontreal.ca\/en\/weekend-bach-2025\/&#038;t=Weekend%20Bach%2B%202025' aria-hidden='false' data-av_icon='\ue8f3' data-av_iconfont='entypo-fontello' title='' data-avia-related-tooltip='Share on Facebook' rel=\"noopener\"><span class='avia_hidden_link_text'>Share on Facebook<\/span><\/a><\/li><li class='av-share-link av-social-link-whatsapp' ><a target=\"_blank\" aria-label=\"Share on WhatsApp\" href='https:\/\/api.whatsapp.com\/send?text=https:\/\/smamontreal.ca\/en\/weekend-bach-2025\/' aria-hidden='false' data-av_icon='\uf232' data-av_iconfont='entypo-fontello' title='' data-avia-related-tooltip='Share on WhatsApp' rel=\"noopener\"><span class='avia_hidden_link_text'>Share on WhatsApp<\/span><\/a><\/li><li class='av-share-link av-social-link-mail' ><a  aria-label=\"Share by Mail\" href='mailto:?subject=Weekend%20Bach%2B%202025&#038;body=https:\/\/smamontreal.ca\/en\/weekend-bach-2025\/' aria-hidden='false' data-av_icon='\ue805' data-av_iconfont='entypo-fontello' title='' data-avia-related-tooltip='Share by Mail'><span class='avia_hidden_link_text'>Share by Mail<\/span><\/a><\/li><\/ul><\/div><\/div><\/p><\/div>\n\n<style type=\"text\/css\" data-created_by=\"avia_inline_auto\" id=\"style-css-av-2kqidbn-bf1429800d747c6c7c2bff023578029c\">\n.flex_column.av-2kqidbn-bf1429800d747c6c7c2bff023578029c{\n-webkit-border-radius:0px 0px 0px 0px;\n-moz-border-radius:0px 0px 0px 0px;\nborder-radius:0px 0px 0px 0px;\n}\n<\/style>\n<div class='flex_column av-2kqidbn-bf1429800d747c6c7c2bff023578029c av_one_half  avia-builder-el-3  el_after_av_one_half  avia-builder-el-last  flex_column_div av-zero-column-padding '     ><p><div  class='avia-button-wrap av-m84ozde2-fbe307b4d084de4c048cc61ce54a6fe7-wrap avia-button-right  avia-builder-el-4  el_before_av_textblock  avia-builder-el-first ' >\n<style type=\"text\/css\" data-created_by=\"avia_inline_auto\" id=\"style-css-av-m84ozde2-fbe307b4d084de4c048cc61ce54a6fe7\">\n#top #wrap_all .avia-button.av-m84ozde2-fbe307b4d084de4c048cc61ce54a6fe7{\nbackground-color:#e6007e;\nborder-color:#e6007e;\ncolor:#ffffff;\n-webkit-transition:all 0.4s ease-in-out;\n-moz-transition:all 0.4s ease-in-out;\n-ms-transition:all 0.4s ease-in-out;\n-o-transition:all 0.4s ease-in-out;\ntransition:all 0.4s ease-in-out;\n}\n<\/style>\n<a href='https:\/\/cammac.ca\/en\/bach-plus-weekend\/' class='avia-button av-m84ozde2-fbe307b4d084de4c048cc61ce54a6fe7 avia-icon_select-yes-left-icon avia-size-small avia-position-right' target=\"_blank\" rel=\"noopener noreferrer\"><span class='avia_button_icon avia_button_icon_left' aria-hidden='true' data-av_icon='\ue817' data-av_iconfont='entypo-fontello'><\/span><span class='avia_iconbox_title' >Buy tickets for Weekend Bach+<\/span><\/a><\/div><br \/>\n<section  class='av_textblock_section av-23mw5tf-36147cd52e7bf161cc918f560f2a9fcc'  itemscope=\"itemscope\" itemtype=\"https:\/\/schema.org\/CreativeWork\" ><div class='avia_textblock'  itemprop=\"text\" ><\/div><\/section><br \/>\n\n<style type=\"text\/css\" data-created_by=\"avia_inline_auto\" id=\"style-css-av-m84oz0wt-d9b45538e35c157ed8f4488724f0e78a\">\n#top .av_textblock_section.av-m84oz0wt-d9b45538e35c157ed8f4488724f0e78a .avia_textblock{\ncolor:#000000;\n}\n<\/style>\n<section  class='av_textblock_section av-m84oz0wt-d9b45538e35c157ed8f4488724f0e78a'  itemscope=\"itemscope\" itemtype=\"https:\/\/schema.org\/CreativeWork\" ><div class='avia_textblock av_inherit_color'  itemprop=\"text\" ><p><span style=\"color: #ffffff;\">&#8211;<\/span><strong><br \/>\nFriday May 16th, to Monday May 19th, 2025<br \/>\n<\/strong>Centre musical CAMMAC<br \/>\n85 chemin CAMMAC<br \/>\nHarrington (QC) J8G 2T2<strong><br \/>\n<\/strong><\/p>\n<\/div><\/section><br \/>\n\n<style type=\"text\/css\" data-created_by=\"avia_inline_auto\" id=\"style-css-av-1pdbneb-918bdbce5fb383e26010de527ba19d97\">\n#top .av-special-heading.av-1pdbneb-918bdbce5fb383e26010de527ba19d97{\npadding-bottom:15px;\n}\nbody .av-special-heading.av-1pdbneb-918bdbce5fb383e26010de527ba19d97 .av-special-heading-tag .heading-char{\nfont-size:25px;\n}\n.av-special-heading.av-1pdbneb-918bdbce5fb383e26010de527ba19d97 .av-subheading{\nfont-size:10px;\n}\n<\/style>\n<div  class='av-special-heading av-1pdbneb-918bdbce5fb383e26010de527ba19d97 av-special-heading-h3 meta-heading  avia-builder-el-7  el_after_av_textblock  el_before_av_textblock '><h3 class='av-special-heading-tag'  itemprop=\"headline\"  >R\u00c9SUM\u00c9<\/h3><div class=\"special-heading-border\"><div class=\"special-heading-inner-border\"><\/div><\/div><\/div><br \/>\n\n<style type=\"text\/css\" data-created_by=\"avia_inline_auto\" id=\"style-css-av-m84p0e1z-2def5f04cc833a3a8f81ed49e05214a8\">\n#top .av_textblock_section.av-m84p0e1z-2def5f04cc833a3a8f81ed49e05214a8 .avia_textblock{\ncolor:#000000;\n}\n<\/style>\n<section  class='av_textblock_section av-m84p0e1z-2def5f04cc833a3a8f81ed49e05214a8'  itemscope=\"itemscope\" itemtype=\"https:\/\/schema.org\/CreativeWork\" ><div class='avia_textblock av_inherit_color'  itemprop=\"text\" ><div class=\"wpb_text_column wpb_content_element vc_custom_1682603492718 \">\n<div class=\"wpb_wrapper\">\n<p class=\"Arial10\">Chamber musicians will have the opportunity to work with cellist David Ellis (previously from the Quatuor Saguenay), violinist Brett Molzan (professor at the Universit\u00e9 de Montr\u00e9al), pianist Myriam Bernard who holds a Doctorate in Piano Performance from Universit\u00e9 de Montr\u00e9al and Claire Marchand, one of Qu\u00e9bec\u2019s most sought-after flutists.<\/p>\n<p>In addition, four exceptional vocalists from the\u00a0<a href=\"https:\/\/smamontreal.ca\/en\/\">Studio de musique ancienne de Montr\u00e9al<\/a>\u00a0will join us as coaches and performers: Megan Chartrand (soprano), Leah Weitzner, (mezzo soprano), Justin Jalea (tenor), and John Giffen (bass). This presents a unique opportunity for singers to receive personalized instruction from members of Canada\u2019s premier early music ensemble.<\/p>\n<p class=\"Arial10\">In addition to choral and chamber music, the program offers a rich variety of activities including instrumental classes, active listening sessions, and revitalizing yoga classes to help maintain energy and focus throughout this immersive musical experience.<\/p>\n<\/div>\n<\/div>\n<p>In collaboration with CAMMAC Music Centre<\/p>\n<p><a href=\"https:\/\/smamontreal.ca\/wp-content\/uploads\/2024\/03\/CAMMAC_Logo2022_BIL_K_72dpi.jpg\"><img loading=\"lazy\" class=\"alignnone wp-image-13687\" src=\"https:\/\/smamontreal.ca\/wp-content\/uploads\/2024\/03\/CAMMAC_Logo2022_BIL_K_72dpi.jpg\" alt=\"\" width=\"135\" height=\"53\" srcset=\"https:\/\/smamontreal.ca\/wp-content\/uploads\/2024\/03\/CAMMAC_Logo2022_BIL_K_72dpi.jpg 433w, https:\/\/smamontreal.ca\/wp-content\/uploads\/2024\/03\/CAMMAC_Logo2022_BIL_K_72dpi-300x118.jpg 300w\" sizes=\"(max-width: 135px) 100vw, 135px\" \/><\/a><\/p>\n<section class=\"av_textblock_section\">\n<div class=\"avia_textblock av_inherit_color\"><\/div>\n<\/section>\n<\/div><\/section><br \/>\n\n<style type=\"text\/css\" data-created_by=\"avia_inline_auto\" id=\"style-css-av-zldfxv-f7831c828bc841e76bf109d8a162d7fd\">\n#top .av-special-heading.av-zldfxv-f7831c828bc841e76bf109d8a162d7fd{\npadding-bottom:15px;\n}\nbody .av-special-heading.av-zldfxv-f7831c828bc841e76bf109d8a162d7fd .av-special-heading-tag .heading-char{\nfont-size:25px;\n}\n.av-special-heading.av-zldfxv-f7831c828bc841e76bf109d8a162d7fd .av-subheading{\nfont-size:10px;\n}\n<\/style>\n<div  class='av-special-heading av-zldfxv-f7831c828bc841e76bf109d8a162d7fd av-special-heading-h3 meta-heading  avia-builder-el-9  el_after_av_textblock  el_before_av_textblock '><h3 class='av-special-heading-tag'  itemprop=\"headline\"  >PROGRAMME<\/h3><div class=\"special-heading-border\"><div class=\"special-heading-inner-border\"><\/div><\/div><\/div><br \/>\n\n<style type=\"text\/css\" data-created_by=\"avia_inline_auto\" id=\"style-css-av-m84p0lvs-c88a3e32d373507ea10f368f1631a8e6\">\n#top .av_textblock_section.av-m84p0lvs-c88a3e32d373507ea10f368f1631a8e6 .avia_textblock{\ncolor:#000000;\n}\n<\/style>\n<section  class='av_textblock_section av-m84p0lvs-c88a3e32d373507ea10f368f1631a8e6'  itemscope=\"itemscope\" itemtype=\"https:\/\/schema.org\/CreativeWork\" ><div class='avia_textblock av_inherit_color'  itemprop=\"text\" ><p class=\"p1\">The repertoire will highlight two masterworks of German sacred music: Bach\u2019s contemplative funeral motet\u00a0<em>O Jesu Christ, mein Lebens Licht<\/em>\u00a0and Brahms\u2019 exquisite\u00a0<em>Geistliches Lied<\/em>.<\/p>\n<\/div><\/section><br \/>\n\n<style type=\"text\/css\" data-created_by=\"avia_inline_auto\" id=\"style-css-av-kt87g3-b5aaa1d5e8cd593a9066e6f4c5bb0eaa\">\n#top .av-special-heading.av-kt87g3-b5aaa1d5e8cd593a9066e6f4c5bb0eaa{\npadding-bottom:15px;\n}\nbody .av-special-heading.av-kt87g3-b5aaa1d5e8cd593a9066e6f4c5bb0eaa .av-special-heading-tag .heading-char{\nfont-size:25px;\n}\n.av-special-heading.av-kt87g3-b5aaa1d5e8cd593a9066e6f4c5bb0eaa .av-subheading{\nfont-size:10px;\n}\n<\/style>\n<div  class='av-special-heading av-kt87g3-b5aaa1d5e8cd593a9066e6f4c5bb0eaa av-special-heading-h3 meta-heading  avia-builder-el-11  el_after_av_textblock  el_before_av_textblock '><h3 class='av-special-heading-tag'  itemprop=\"headline\"  >DISTRIBUTION<\/h3><div class=\"special-heading-border\"><div class=\"special-heading-inner-border\"><\/div><\/div><\/div><br \/>\n\n<style type=\"text\/css\" data-created_by=\"avia_inline_auto\" id=\"style-css-av-m84p13hs-6b654a300b73544505683302fbb0519f\">\n#top .av_textblock_section.av-m84p13hs-6b654a300b73544505683302fbb0519f .avia_textblock{\ncolor:#000000;\n}\n<\/style>\n<section  class='av_textblock_section av-m84p13hs-6b654a300b73544505683302fbb0519f'  itemscope=\"itemscope\" itemtype=\"https:\/\/schema.org\/CreativeWork\" ><div class='avia_textblock av_inherit_color'  itemprop=\"text\" ><p><span style=\"font-weight: 400;\"><strong>Megan Chartrand<\/strong>, soprano<br \/>\n<\/span><span style=\"font-weight: 400;\" data-rich-links=\"{\"><strong>Leah Weitzner<\/strong>, mezzo-soprano<\/span><br \/>\n<span style=\"font-weight: 400;\"><strong>Justin Julea<\/strong>,<\/span><span style=\"font-weight: 400;\"> tenor<br \/>\n<strong>John Giffen<\/strong>, bass<\/span><\/p>\n<\/div><\/section><\/p><\/div>\n","protected":false},"excerpt":{"rendered":"","protected":false},"author":2,"featured_media":0,"parent":0,"menu_order":0,"comment_status":"closed","ping_status":"closed","template":"","meta":{"episode_type":"","audio_file":"","cover_image":"","cover_image_id":"","duration":"","filesize":"","date_recorded":"","explicit":"","block":"","filesize_raw":""},"yst_prominent_words":[],"_links":{"self":[{"href":"https:\/\/smamontreal.ca\/en\/wp-json\/wp\/v2\/pages\/15283"}],"collection":[{"href":"https:\/\/smamontreal.ca\/en\/wp-json\/wp\/v2\/pages"}],"about":[{"href":"https:\/\/smamontreal.ca\/en\/wp-json\/wp\/v2\/types\/page"}],"author":[{"embeddable":true,"href":"https:\/\/smamontreal.ca\/en\/wp-json\/wp\/v2\/users\/2"}],"replies":[{"embeddable":true,"href":"https:\/\/smamontreal.ca\/en\/wp-json\/wp\/v2\/comments?post=15283"}],"version-history":[{"count":10,"href":"https:\/\/smamontreal.ca\/en\/wp-json\/wp\/v2\/pages\/15283\/revisions"}],"predecessor-version":[{"id":15309,"href":"https:\/\/smamontreal.ca\/en\/wp-json\/wp\/v2\/pages\/15283\/revisions\/15309"}],"wp:attachment":[{"href":"https:\/\/smamontreal.ca\/en\/wp-json\/wp\/v2\/media?parent=15283"}],"wp:term":[{"taxonomy":"yst_prominent_words","embeddable":true,"href":"https:\/\/smamontreal.ca\/en\/wp-json\/wp\/v2\/yst_prominent_words?post=15283"}],"curies":[{"name":"wp","href":"https:\/\/api.w.org\/{rel}","templated":true}]}}