{"id":15406,"date":"2025-04-15T17:50:17","date_gmt":"2025-04-15T21:50:17","guid":{"rendered":"https:\/\/smamontreal.ca\/?page_id=15406"},"modified":"2026-03-06T14:41:37","modified_gmt":"2026-03-06T19:41:37","slug":"les-muses-de-vivaldi","status":"publish","type":"page","link":"https:\/\/smamontreal.ca\/en\/les-muses-de-vivaldi\/","title":{"rendered":"Les muses de Vivaldi"},"content":{"rendered":"<div class='flex_column av-49l8yy6-6d1170f9ee692f30642ef19b522cd447 av_one_half  avia-builder-el-0  el_before_av_one_half  avia-builder-el-first  first flex_column_div '     ><p><div  class='avia-slideshow av-m9j18mj9-38eddbc329445a8fc13288ecea8d65dc avia-slideshow-no scaling av_slideshow avia-slide-slider  avia-builder-el-1  el_before_av_social_share  avia-builder-el-first  av-slideshow-ui av-control-default av-slideshow-autoplay av-loop-endless av-loop-manual-endless av-default-height-applied avia-slideshow-1' data-slideshow-options=\"{&quot;animation&quot;:&quot;slide&quot;,&quot;autoplay&quot;:true,&quot;loop_autoplay&quot;:&quot;endless&quot;,&quot;interval&quot;:5,&quot;loop_manual&quot;:&quot;manual-endless&quot;,&quot;autoplay_stopper&quot;:false,&quot;noNavigation&quot;:false,&quot;bg_slider&quot;:false,&quot;keep_padding&quot;:false,&quot;hoverpause&quot;:false,&quot;show_slide_delay&quot;:0}\"  itemprop=\"image\" itemscope=\"itemscope\" itemtype=\"https:\/\/schema.org\/ImageObject\" ><ul class='avia-slideshow-inner ' style='padding-bottom: 111.87019641332%;'><li  class='avia-slideshow-slide av-m9j18mj9-38eddbc329445a8fc13288ecea8d65dc__0  av-single-slide slide-1 slide-odd'><div data-rel='slideshow-1' class='avia-slide-wrap '   ><img class=\"wp-image-15407 avia-img-lazy-loading-not-15407\"  src=\"https:\/\/smamontreal.ca\/wp-content\/uploads\/2025\/04\/SMAM_2024-25_pageweb_concertserie_3_musesdevivaldi_ENG_v1.jpg\" width=\"1171\" height=\"1310\" title='SMAM_2024-25_pageweb_concertserie_3_musesdevivaldi_ENG_v1' alt=''  itemprop=\"thumbnailUrl\" srcset=\"https:\/\/smamontreal.ca\/wp-content\/uploads\/2025\/04\/SMAM_2024-25_pageweb_concertserie_3_musesdevivaldi_ENG_v1.jpg 1171w, https:\/\/smamontreal.ca\/wp-content\/uploads\/2025\/04\/SMAM_2024-25_pageweb_concertserie_3_musesdevivaldi_ENG_v1-268x300.jpg 268w, https:\/\/smamontreal.ca\/wp-content\/uploads\/2025\/04\/SMAM_2024-25_pageweb_concertserie_3_musesdevivaldi_ENG_v1-921x1030.jpg 921w, https:\/\/smamontreal.ca\/wp-content\/uploads\/2025\/04\/SMAM_2024-25_pageweb_concertserie_3_musesdevivaldi_ENG_v1-768x859.jpg 768w, https:\/\/smamontreal.ca\/wp-content\/uploads\/2025\/04\/SMAM_2024-25_pageweb_concertserie_3_musesdevivaldi_ENG_v1-630x705.jpg 630w, https:\/\/smamontreal.ca\/wp-content\/uploads\/2025\/04\/SMAM_2024-25_pageweb_concertserie_3_musesdevivaldi_ENG_v1-450x503.jpg 450w\" sizes=\"(max-width: 1171px) 100vw, 1171px\" \/><\/div><\/li><\/ul><\/div><br \/>\n<div  class='av-social-sharing-box av-39zepim-79c3950fb9e267ad2d3230a78cb9267a av-social-sharing-box-minimal  avia-builder-el-2  el_after_av_slideshow  avia-builder-el-last  av-social-sharing-box-fullwidth'><div class=\"av-share-box\"><ul class=\"av-share-box-list noLightbox\"><li class='av-share-link av-social-link-facebook' ><a target=\"_blank\" aria-label=\"Share on Facebook\" href='https:\/\/www.facebook.com\/sharer.php?u=https:\/\/smamontreal.ca\/en\/les-muses-de-vivaldi\/&#038;t=Les%20muses%20de%20Vivaldi' aria-hidden='false' data-av_icon='\ue8f3' data-av_iconfont='entypo-fontello' title='' data-avia-related-tooltip='Share on Facebook' rel=\"noopener\"><span class='avia_hidden_link_text'>Share on Facebook<\/span><\/a><\/li><li class='av-share-link av-social-link-twitter' ><a target=\"_blank\" aria-label=\"Share on Twitter\" href='https:\/\/twitter.com\/share?text=Les%20muses%20de%20Vivaldi&#038;url=https:\/\/smamontreal.ca\/en\/?p=15406' aria-hidden='false' data-av_icon='\ue8f1' data-av_iconfont='entypo-fontello' title='' data-avia-related-tooltip='Share on Twitter' rel=\"noopener\"><span class='avia_hidden_link_text'>Share on Twitter<\/span><\/a><\/li><li class='av-share-link av-social-link-mail' ><a  aria-label=\"Share by Mail\" href='mailto:?subject=Les%20muses%20de%20Vivaldi&#038;body=https:\/\/smamontreal.ca\/en\/les-muses-de-vivaldi\/' aria-hidden='false' data-av_icon='\ue805' data-av_iconfont='entypo-fontello' title='' data-avia-related-tooltip='Share by Mail'><span class='avia_hidden_link_text'>Share by Mail<\/span><\/a><\/li><\/ul><\/div><\/div><\/p><\/div>\n\n<style type=\"text\/css\" data-created_by=\"avia_inline_auto\" id=\"style-css-av-32pdu6m-2e0ec84854bd0d46a02bb2f5cd1d2db4\">\n.flex_column.av-32pdu6m-2e0ec84854bd0d46a02bb2f5cd1d2db4{\n-webkit-border-radius:0px 0px 0px 0px;\n-moz-border-radius:0px 0px 0px 0px;\nborder-radius:0px 0px 0px 0px;\n}\n<\/style>\n<div class='flex_column av-32pdu6m-2e0ec84854bd0d46a02bb2f5cd1d2db4 av_one_half  avia-builder-el-3  el_after_av_one_half  avia-builder-el-last  flex_column_div av-zero-column-padding '     ><p><section  class='av_textblock_section av-24ixa9a-aa186b2d649d81db2f33d71f4244d446'  itemscope=\"itemscope\" itemtype=\"https:\/\/schema.org\/CreativeWork\" ><div class='avia_textblock'  itemprop=\"text\" ><p><span style=\"color: #ffffff;\">&#8211;<\/span><\/p>\n<\/div><\/section><br \/>\n<section  class='av_textblock_section av-1nv57fy-cae4b834a19f24c08f31df5376aaaac5'  itemscope=\"itemscope\" itemtype=\"https:\/\/schema.org\/CreativeWork\" ><div class='avia_textblock'  itemprop=\"text\" ><p><span style=\"color: #ffffff;\">&#8211;<\/span><\/p>\n<\/div><\/section><br \/>\n\n<style type=\"text\/css\" data-created_by=\"avia_inline_auto\" id=\"style-css-av-m9j19s2u-04d47ffc501eceaa306bbcce18869862\">\n#top .av_textblock_section.av-m9j19s2u-04d47ffc501eceaa306bbcce18869862 .avia_textblock{\ncolor:#000000;\n}\n<\/style>\n<section  class='av_textblock_section av-m9j19s2u-04d47ffc501eceaa306bbcce18869862'  itemscope=\"itemscope\" itemtype=\"https:\/\/schema.org\/CreativeWork\" ><div class='avia_textblock av_inherit_color'  itemprop=\"text\" ><p><span style=\"color: #ffffff;\">&#8211;<\/span><strong><br \/>\n<\/strong><\/p>\n<p><strong>Saturday, February 21, 2026 \u2013 7:30 pm<\/strong><i><span style=\"font-weight: 400;\"><br \/>\n<\/span><\/i>Bougie Hall<br \/>\n1339, Sherbrooke West<br \/>\nMontr\u00e9al, H3G 1G2<\/p>\n<p><img loading=\"lazy\" class=\"agency\" src=\"https:\/\/appassets.mvtdev.com\/index\/public-transit-resources\/img\/transit-types\/bus.svg\" alt=\"Bus\" width=\"20\" height=\"20\" \/> Bus : 24 \u2013 stop De la Montagne \/ Bishop<br \/>\n<img loading=\"lazy\" src=\"data:image\/png;base64,iVBORw0KGgoAAAANSUhEUgAAADQAAAA0CAYAAADFeBvrAAAAGXRFWHRTb2Z0d2FyZQBBZG9iZSBJbWFnZVJlYWR5ccllPAAAA4RpVFh0WE1MOmNvbS5hZG9iZS54bXAAAAAAADw\/eHBhY2tldCBiZWdpbj0i77u\/IiBpZD0iVzVNME1wQ2VoaUh6cmVTek5UY3prYzlkIj8+IDx4OnhtcG1ldGEgeG1sbnM6eD0iYWRvYmU6bnM6bWV0YS8iIHg6eG1wdGs9IkFkb2JlIFhNUCBDb3JlIDUuNi1jMDE0IDc5LjE1Njc5NywgMjAxNC8wOC8yMC0wOTo1MzowMiAgICAgICAgIj4gPHJkZjpSREYgeG1sbnM6cmRmPSJodHRwOi8vd3d3LnczLm9yZy8xOTk5LzAyLzIyLXJkZi1zeW50YXgtbnMjIj4gPHJkZjpEZXNjcmlwdGlvbiByZGY6YWJvdXQ9IiIgeG1sbnM6eG1wTU09Imh0dHA6Ly9ucy5hZG9iZS5jb20veGFwLzEuMC9tbS8iIHhtbG5zOnN0UmVmPSJodHRwOi8vbnMuYWRvYmUuY29tL3hhcC8xLjAvc1R5cGUvUmVzb3VyY2VSZWYjIiB4bWxuczp4bXA9Imh0dHA6Ly9ucy5hZG9iZS5jb20veGFwLzEuMC8iIHhtcE1NOk9yaWdpbmFsRG9jdW1lbnRJRD0ieG1wLmRpZDo5MTJiOGZjZi1jYTQyLTQ0YjMtODVjZi03MGExNmQ0YmI1NTIiIHhtcE1NOkRvY3VtZW50SUQ9InhtcC5kaWQ6NzE0RjUyNjhERTkwMTFFNEJBOTVBOEY1NUM2MzE0ODAiIHhtcE1NOkluc3RhbmNlSUQ9InhtcC5paWQ6NzE0RjUyNjdERTkwMTFFNEJBOTVBOEY1NUM2MzE0ODAiIHhtcDpDcmVhdG9yVG9vbD0iQWRvYmUgUGhvdG9zaG9wIENDIDIwMTQgKFdpbmRvd3MpIj4gPHhtcE1NOkRlcml2ZWRGcm9tIHN0UmVmOmluc3RhbmNlSUQ9InhtcC5paWQ6NmM3ZDY2YjgtODQzMS1kYzRhLThkOWMtY2JlOGVkMzM1MGMyIiBzdFJlZjpkb2N1bWVudElEPSJhZG9iZTpkb2NpZDpwaG90b3Nob3A6Yzg4MjM1ZTQtZGU4ZC0xMWU0LWFlY2ItZDIzM2ZlMWY2ZDE3Ii8+IDwvcmRmOkRlc2NyaXB0aW9uPiA8L3JkZjpSREY+IDwveDp4bXBtZXRhPiA8P3hwYWNrZXQgZW5kPSJyIj8+EueJHwAABUVJREFUeNrsWn9oVVUcv3srMVyRbqsUwR8YK5CHEMNGMBQMRUI2ikQYIfpfRU1eMJiOBC0QHLiQBBEaOpCi3JAcmYKQOogRqPhHs0AEmdPUoSlYutnnS58rhy\/nx33v3b3XG33hw3n33nO+3+\/n3nO+55zveVUR5OWGV15E8TnQCsyOKkvGgX6g87eRX69XkczPwIKosuUKsLy6tq7uC\/xYGVW+PA\/MybCbTRdpzVTgmPHJ7KemSPF94AIwAlwD7vF+DTAXaACywKy0DadJ6CrQBxwFhhFxHvkqIxiJ7UZgHdAGzE\/DCYlyj4vUcQ7YAQyAxGQhCuCDdP0WoAtYVi5CfwAdQC+IPE7j7cKXKhQbgV1AfSE6MgXaPgEsBZGvfGTgYE2Se7GILtEpummjJGNoD5CzdS+Oi7WcCuK5baGqdhH1pDzFGX5Qjzdc30CdNfjZDbRPJaEuGNtpIfI0iveBT9TgvuLQs4BdS3AV7Xej\/BK6Hxqk5IVtwbNbHKOpd7k9DjLLUZznlyskUs1n2\/PUpbvhTj5PlZD055yFzAcozgCvphATRMcZ6tSSSzqmMgmjWZseMzD8KYq9Kc9lomsvdUeq+7XRl6IJdcggtXyZ7VO4hNmuvxR96CiWkEyavYrM6yh6SrAu66EtU3rpU8GEdpjzDAzMQHEIqC4BIbFxiDafzFOhiJcJrM0G1L0PgSUlXD0voU1TBuhb3oT6zEDAN5Urw5Ygp77SJBfBeRM6qq7fAuaVgdA82vb5FiQk+5lhde\/tMm7ctO1h+piY0AXLfmZFGQmtUCH8ETeQiQmNqFBdW6bu9qTb0QenjyFC19T1Yke9H4HJFB2fpE6bLA746CV0T13b9v778elXo9wAPEyBjOjYQJ37Lc9nBXwsaoN3hNsF6c\/fcA\/0ZxFkpO1a6oqo+4jeXRezOK2xGIxljIvVCWOQnuSG7mYBZKTNSuqI9U1wMTpm1Lsb8NFLaK66vmz8fknWVOZkRyd+QdGk6oZE6jaxbaQm8V7asvlg89FLqEE5exvFqHHrXeAYDD+r6v2O4g1XSNVTg9RlG5OM6DxGG7GM0genjyFCWeYHTDmlrlfJPdSrV6Qk+jQDP3nIyLNm1jXJ1NPOKp9t+pbNh5BElEZ171tLvdeAIRhYpEjdQSHR6jtLG7m3mnVMJ0XHEHVGAduNjsjrjXLr1PWgGqTmivgsHMoqUg+AnCVHIBmjB4qMtD3rWMmP0bbPt0SE2pjRjB35mwlAVxA5jfrN+YY4tjntGuRik7bj+hlGwLwJSTamRd3b51pyQJ4DjsNgax5kpO5xtnUtwfapey2+7FJoYu1iejb+Sn+h2ARMOOrPlP6ONpsTkNnMsTHTUUVsbKLNuI340lXMFnwZk4HmGBgKbPRE5wEY3+ohI88OBOznaMuUjVEgmZ8kWS+po6WWzI8kALcG2spxZ3ucl+AblqThR4F2n6HNNmXvBRQXo0ASP+npgyT51lhycx9H\/+affUmTr4H3+PsgsN5Td4JfpkfZkS\/5A\/BmGnm5iIq6LSG4h5PoJU9bIfA94SNziZOtLUXWnYRMvqvtdrypbRZSQ5y1tzjmqfiFuBwaY9usZcxEtJn4BKKQAy\/fccoMbiXe4erbtcsd5XJGotygOc+obpb3cUqhJ3gnuIW4EQjNc1AsMuYZ2QJctiw0I0sA6EvazdIgFEe\/\/9yR5P+Hxh6ZNsf6rkRlxf\/xQu+nmoiSivTd8Wj6yLgQ6p9GhPqFUGfkPn6vJBEOndW3b928X1tXdxgXMgkuBJ6ptG4GiP+Sdb3+jwADAIWL82t0Zk9IAAAAAElFTkSuQmCC\" alt=\"M\u00e9tro\" width=\"20\" height=\"20\" \/> M\u00e9tro : Guy-Concordia, Peel or Lucien-L\u2019Allier<\/p>\n<\/div><\/section><br \/>\n\n<style type=\"text\/css\" data-created_by=\"avia_inline_auto\" id=\"style-css-av-1s9c2vi-94d77399429cf18353aca31503a9722b\">\n#top .av-special-heading.av-1s9c2vi-94d77399429cf18353aca31503a9722b{\npadding-bottom:15px;\n}\nbody .av-special-heading.av-1s9c2vi-94d77399429cf18353aca31503a9722b .av-special-heading-tag .heading-char{\nfont-size:25px;\n}\n.av-special-heading.av-1s9c2vi-94d77399429cf18353aca31503a9722b .av-subheading{\nfont-size:10px;\n}\n<\/style>\n<div  class='av-special-heading av-1s9c2vi-94d77399429cf18353aca31503a9722b av-special-heading-h3 meta-heading  avia-builder-el-7  el_after_av_textblock  el_before_av_textblock '><h3 class='av-special-heading-tag'  itemprop=\"headline\"  >SUMMARY<\/h3><div class=\"special-heading-border\"><div class=\"special-heading-inner-border\"><\/div><\/div><\/div><br \/>\n\n<style type=\"text\/css\" data-created_by=\"avia_inline_auto\" id=\"style-css-av-m9j1bbyl-71840c15ffac56423c0cdd66f9f2a93c\">\n#top .av_textblock_section.av-m9j1bbyl-71840c15ffac56423c0cdd66f9f2a93c .avia_textblock{\ncolor:#000000;\n}\n<\/style>\n<section  class='av_textblock_section av-m9j1bbyl-71840c15ffac56423c0cdd66f9f2a93c'  itemscope=\"itemscope\" itemtype=\"https:\/\/schema.org\/CreativeWork\" ><div class='avia_textblock av_inherit_color'  itemprop=\"text\" ><p>In the 18th century, Venice had four ospedali where young orphan girls were raised at the state\u2019s expense, with the most gifted having to devote themselves to music. Contributing to the opulence of the Serenissima, and drawing travellers from across Europe, these conservatories allowed women\u2014for one of the first times in history\u2014to sing in public during religious services. Their music was like the city itself: luminous, effervescent, and magnificent.<\/p>\n<p>With the participation of <a href=\"https:\/\/www.facebook.com\/people\/Filles-de-l%C3%AEle\/100063685458930\/\" target=\"_blank\" rel=\"noopener\">Les filles de l&#8217;\u00eele.<\/a><\/p>\n<p>Concert Partner<br \/>\n<a href=\"https:\/\/smamontreal.ca\/wp-content\/uploads\/2026\/01\/logo_ICIM.jpg\"><img loading=\"lazy\" class=\"alignnone  wp-image-16790\" src=\"https:\/\/smamontreal.ca\/wp-content\/uploads\/2026\/01\/logo_ICIM-300x200.jpg\" alt=\"\" width=\"101\" height=\"67\" srcset=\"https:\/\/smamontreal.ca\/wp-content\/uploads\/2026\/01\/logo_ICIM-300x200.jpg 300w, https:\/\/smamontreal.ca\/wp-content\/uploads\/2026\/01\/logo_ICIM.jpg 576w\" sizes=\"(max-width: 101px) 100vw, 101px\" \/><\/a><\/p>\n<\/div><\/section><br \/>\n\n<style type=\"text\/css\" data-created_by=\"avia_inline_auto\" id=\"style-css-av-1ar6w7i-286ab5e70ddc948c3fd2d252502275ec\">\n#top .av-special-heading.av-1ar6w7i-286ab5e70ddc948c3fd2d252502275ec{\npadding-bottom:15px;\n}\nbody .av-special-heading.av-1ar6w7i-286ab5e70ddc948c3fd2d252502275ec .av-special-heading-tag .heading-char{\nfont-size:25px;\n}\n.av-special-heading.av-1ar6w7i-286ab5e70ddc948c3fd2d252502275ec .av-subheading{\nfont-size:10px;\n}\n<\/style>\n<div  class='av-special-heading av-1ar6w7i-286ab5e70ddc948c3fd2d252502275ec av-special-heading-h3 meta-heading  avia-builder-el-9  el_after_av_textblock  el_before_av_textblock  av-linked-heading'><h3 class='av-special-heading-tag'  itemprop=\"headline\"  >PRE-CONCERT TALK<\/h3><div class=\"special-heading-border\"><div class=\"special-heading-inner-border\"><\/div><\/div><\/div><br \/>\n\n<style type=\"text\/css\" data-created_by=\"avia_inline_auto\" id=\"style-css-av-m9j1cutv-69a7ace41da5137d3bde2a53621ae172\">\n#top .av_textblock_section.av-m9j1cutv-69a7ace41da5137d3bde2a53621ae172 .avia_textblock{\ncolor:#000000;\n}\n<\/style>\n<section  class='av_textblock_section av-m9j1cutv-69a7ace41da5137d3bde2a53621ae172'  itemscope=\"itemscope\" itemtype=\"https:\/\/schema.org\/CreativeWork\" ><div class='avia_textblock av_inherit_color'  itemprop=\"text\" ><p data-start=\"66\" data-end=\"310\">This talk, led by Anne-Marie Beaudette, singer and conductor, and Mark Zoccolillo, independent researcher, will explore how these women challenged the norms of their time and inspired some of the most beautiful works of Baroque music.<\/p>\n<p data-start=\"312\" data-end=\"411\"><strong>Monday, February 9 \u2013 1:30 PM to 3:30 PM<\/strong><br data-start=\"355\" data-end=\"358\" \/>Salle Jacques-Maurice \u2013 Coll\u00e8ge Jean-de-Br\u00e9beuf<\/p>\n<p data-start=\"413\" data-end=\"494\">Presented as part of the <a href=\"https:\/\/www.fondationculturellebrebeuf.org\/\" target=\"_blank\" rel=\"noopener\">Jean-de-Br\u00e9beuf Cultural Foundation<\/a> lecture series<br \/>\n<a href=\"https:\/\/smamontreal.ca\/wp-content\/uploads\/2026\/02\/306091359_469534325218060_1753530948728718640_n.png\"><img loading=\"lazy\" class=\"alignnone  wp-image-16870\" src=\"https:\/\/smamontreal.ca\/wp-content\/uploads\/2026\/02\/306091359_469534325218060_1753530948728718640_n-300x224.png\" alt=\"\" width=\"142\" height=\"106\" srcset=\"https:\/\/smamontreal.ca\/wp-content\/uploads\/2026\/02\/306091359_469534325218060_1753530948728718640_n-300x224.png 300w, https:\/\/smamontreal.ca\/wp-content\/uploads\/2026\/02\/306091359_469534325218060_1753530948728718640_n.png 694w\" sizes=\"(max-width: 142px) 100vw, 142px\" \/><\/a><\/p>\n<\/div><\/section><br \/>\n\n<style type=\"text\/css\" data-created_by=\"avia_inline_auto\" id=\"style-css-av-1990g5q-d7ba5f91a2cbd6dc77d486a6be7d2865\">\n#top .av-special-heading.av-1990g5q-d7ba5f91a2cbd6dc77d486a6be7d2865{\npadding-bottom:15px;\n}\nbody .av-special-heading.av-1990g5q-d7ba5f91a2cbd6dc77d486a6be7d2865 .av-special-heading-tag .heading-char{\nfont-size:25px;\n}\n.av-special-heading.av-1990g5q-d7ba5f91a2cbd6dc77d486a6be7d2865 .av-subheading{\nfont-size:10px;\n}\n<\/style>\n<div  class='av-special-heading av-1990g5q-d7ba5f91a2cbd6dc77d486a6be7d2865 av-special-heading-h3 meta-heading  avia-builder-el-11  el_after_av_textblock  el_before_av_button '><h3 class='av-special-heading-tag'  itemprop=\"headline\"  >PROGRAM<\/h3><div class=\"special-heading-border\"><div class=\"special-heading-inner-border\"><\/div><\/div><\/div><br \/>\n<div  class='avia-button-wrap av-91fv5a-a38e9daa899c1fc43cb285477ae8859e-wrap avia-button-left  avia-builder-el-12  el_after_av_heading  el_before_av_textblock ' >\n<style type=\"text\/css\" data-created_by=\"avia_inline_auto\" id=\"style-css-av-91fv5a-a38e9daa899c1fc43cb285477ae8859e\">\n#top #wrap_all .avia-button.av-91fv5a-a38e9daa899c1fc43cb285477ae8859e{\nbackground-color:#e6007e;\nborder-color:#e6007e;\ncolor:#ffffff;\n-webkit-transition:all 0.4s ease-in-out;\n-moz-transition:all 0.4s ease-in-out;\n-ms-transition:all 0.4s ease-in-out;\n-o-transition:all 0.4s ease-in-out;\ntransition:all 0.4s ease-in-out;\n}\n<\/style>\n<a href='https:\/\/drive.google.com\/file\/d\/1_LEkdAIPpA3HR_flXljJep5CTkK8vMCm\/view?usp=sharing' class='avia-button av-91fv5a-a38e9daa899c1fc43cb285477ae8859e avia-icon_select-yes-left-icon avia-size-small avia-position-left' target=\"_blank\" rel=\"noopener noreferrer\"><span class='avia_button_icon avia_button_icon_left' aria-hidden='true' data-av_icon='\ue803' data-av_iconfont='entypo-fontello'><\/span><span class='avia_iconbox_title' >Read the concert program<\/span><\/a><\/div><br \/>\n\n<style type=\"text\/css\" data-created_by=\"avia_inline_auto\" id=\"style-css-av-jrf6mm-db145c7fa5780fb6cfdba8727b97845c\">\n#top .av_textblock_section.av-jrf6mm-db145c7fa5780fb6cfdba8727b97845c .avia_textblock{\ncolor:#000000;\n}\n<\/style>\n<section  class='av_textblock_section av-jrf6mm-db145c7fa5780fb6cfdba8727b97845c'  itemscope=\"itemscope\" itemtype=\"https:\/\/schema.org\/CreativeWork\" ><div class='avia_textblock av_inherit_color'  itemprop=\"text\" ><p><strong>Antonio Vivaldi<\/strong> (1678-1741)<br \/>\n<em>Juditha Triumphans<\/em>, RV 644, extraits<br \/>\n<span style=\"color: #ffffff;\">&#8212;&#8211;<\/span>Coro: <em>Arma, caedes, vindicate furores<\/em><br \/>\n<span style=\"color: #ffffff;\">&#8212;&#8211;<\/span>Aria con coro : <em>O quam vaga<\/em><br \/>\n<span style=\"color: #ffffff;\">&#8212;&#8211;<\/span>Aria: <em>Armate face<\/em><br \/>\n<span style=\"color: #ffffff;\">&#8212;&#8211;<\/span>Coro: <em>Salve Invicta Juditha<\/em><\/p>\n<p>Concerto pour violon, cordes et basse continue en mi majeur RV 267a, \u00ab per Anna Maria \u00bb<br \/>\n<span style=\"color: #ffffff;\">&#8212;&#8211;<\/span>II. Andante<\/p>\n<p><strong>Johann Adolph Hasse<\/strong> (1699-1783)<br \/>\nMotet de psaume <em>Miserere<\/em> en <em>r\u00e9<\/em> mineur<br \/>\n<span style=\"color: #ffffff;\">&#8212;&#8211;<\/span>I. Ch\u0153ur : Miserere mei, Deus<br \/>\n<span style=\"color: #ffffff;\">&#8212;&#8211;<\/span>II. Air : Tibi soli peccavi<br \/>\n<span style=\"color: #ffffff;\">&#8212;&#8211;<\/span>III. Ch\u0153ur : Ecce enim<br \/>\n<span style=\"color: #ffffff;\">&#8212;&#8211;<\/span>IV. Air : Quoniam si voluisses<br \/>\n<span style=\"color: #ffffff;\">&#8212;&#8211;<\/span>V. Air : Benigne fac, Domine<br \/>\n<span style=\"color: #ffffff;\">&#8212;&#8211;<\/span>VI. Ch\u0153ur : Tunc acceptabis<\/p>\n<p>Entracte<\/p>\n<p><strong>Nicola Porpora<\/strong> (1686-1768)<br \/>\n<em>Il Trionfo della Divina Giustizia<\/em><br \/>\n<span style=\"color: #ffffff;\">&#8212;&#8211;<\/span>Sinfonia en <em>r\u00e9<\/em> mineur<br \/>\n<span style=\"color: #ffffff;\">&#8212;&#8211;<\/span>Aria \u00ab <em>Ecco gi\u00e0 l\u2019orrenda tromba<\/em> \u00bb<\/p>\n<p><strong>Baldassare Galuppi<\/strong> (1706-1785)<br \/>\nMotet de psaume <em>Dixit Dominus<\/em> en <em>do<\/em> majeur<\/p>\n<p><strong>Antonio Vivaldi<\/strong><br \/>\n<em>Gloria<\/em> en <em>r\u00e9<\/em> majeur, RV 589<br \/>\n<span style=\"color: #ffffff;\">&#8212;&#8211;<\/span>1. <em>Gloria in excelsis Deo<\/em> (Choeur)<br \/>\n<span style=\"color: #ffffff;\">&#8212;&#8211;<\/span>2. <em>Et in terra pax<\/em> (Ch\u0153ur)<br \/>\n<span style=\"color: #ffffff;\">&#8212;&#8211;<\/span>3. <em>Laudamus te<\/em> (Sopranos I et II)<br \/>\n<span style=\"color: #ffffff;\">&#8212;&#8211;<\/span>4. <em>Gratias agimus tibi<\/em> (Ch\u0153ur)<br \/>\n<span style=\"color: #ffffff;\">&#8212;&#8211;<\/span>5. <em>Propter magnam gloriam<\/em> (Ch\u0153ur)<br \/>\n<span style=\"color: #ffffff;\">&#8212;&#8211;<\/span>6. <em>Domine Deus<\/em> (Soprano)<br \/>\n<span style=\"color: #ffffff;\">&#8212;&#8211;<\/span>7. <em>Domine, Fili unigenite<\/em> (Ch\u0153ur)<br \/>\n<span style=\"color: #ffffff;\">&#8212;&#8211;<\/span>8. <em>Domine Deus, Agnus Dei<\/em> (Contralto et ch\u0153ur)<br \/>\n<span style=\"color: #ffffff;\">&#8212;&#8211;<\/span>9. <em>Qui tollis peccata mundi<\/em> (Ch\u0153ur)<br \/>\n<span style=\"color: #ffffff;\">&#8212;&#8211;<\/span>10. <em>Qui sedes ad dexteram Patris<\/em> (Alto)<br \/>\n<span style=\"color: #ffffff;\">&#8212;&#8211;<\/span>11. <em>Quoniam tu solus sanctus<\/em> (Ch\u0153ur)<br \/>\n<span style=\"color: #ffffff;\">&#8212;&#8211;<\/span>12. <em>Cum Sancto Spiritu<\/em> (Ch\u0153ur)<\/p>\n<\/div><\/section><br \/>\n\n<style type=\"text\/css\" data-created_by=\"avia_inline_auto\" id=\"style-css-av-35wjwu-24914bd25cc64c72474e66155c685889\">\n#top .av-special-heading.av-35wjwu-24914bd25cc64c72474e66155c685889{\npadding-bottom:15px;\n}\nbody .av-special-heading.av-35wjwu-24914bd25cc64c72474e66155c685889 .av-special-heading-tag .heading-char{\nfont-size:25px;\n}\n.av-special-heading.av-35wjwu-24914bd25cc64c72474e66155c685889 .av-subheading{\nfont-size:10px;\n}\n<\/style>\n<div  class='av-special-heading av-35wjwu-24914bd25cc64c72474e66155c685889 av-special-heading-h3 meta-heading  avia-builder-el-14  el_after_av_textblock  el_before_av_textblock '><h3 class='av-special-heading-tag'  itemprop=\"headline\"  >DISTRIBUTION<\/h3><div class=\"special-heading-border\"><div class=\"special-heading-inner-border\"><\/div><\/div><\/div><br \/>\n\n<style type=\"text\/css\" data-created_by=\"avia_inline_auto\" id=\"style-css-av-m9j1dd8o-c4e9cd0807fbaf3ee428ba697bc1dc71\">\n#top .av_textblock_section.av-m9j1dd8o-c4e9cd0807fbaf3ee428ba697bc1dc71 .avia_textblock{\ncolor:#000000;\n}\n<\/style>\n<section  class='av_textblock_section av-m9j1dd8o-c4e9cd0807fbaf3ee428ba697bc1dc71'  itemscope=\"itemscope\" itemtype=\"https:\/\/schema.org\/CreativeWork\" ><div class='avia_textblock av_inherit_color'  itemprop=\"text\" ><p><strong>Jacqueline Woodley<\/strong> and <strong>Rosalie Lane L\u00e9pine<\/strong>, soprano soloists<br \/>\n<strong>Marie-Andr\u00e9e Mathieu<\/strong> and <strong>St\u00e9phanie Pothier<\/strong>, alto soloists<\/p>\n<p>Choir and orchestra<\/p>\n<p>With the participation of vocal ensemble <strong>Les filles de l&#8217;\u00eele<br \/>\nSarah Adair, Margaux B\u00e9langer-Lacroix, Malika D\u2019Angelo, Val\u00e9rie Dostaler, Marianne Lahaye, Manon Lanoue, Anne Mykytiukm, Nayda Navas, Rachel Patenaude, Karen Potje, Isabelle Richard, Agathe Tremblay, sopranos<\/strong><\/p>\n<p>Andr\u00e9anne Beauchemin-Nadeau, Rose C\u00f4t\u00e9, Simone C\u00f4t\u00e9, Val\u00e9rie Ducas, Chantal Gervais, Sophie Gravel Depalle, Annabelle Giroux-McLaughlin, Juliette Kokis, Genevi\u00e8ve Legault, Emma Nguyen, Camille Plourde-Lescelleur, Mala\u00efka Racine, Jennifer Stroude, altos<\/p>\n<p><strong>Julie Triquet<\/strong>, solo violin<br \/>\n<strong>Tanya LaPerri\u00e8re<\/strong>, violin 1<br \/>\n<strong>Sallynee Amawat<\/strong> and <strong>M\u00e9lanie De Bonville<\/strong>, violins 2<br \/>\n<strong>Margaret Little <\/strong>and<strong> H\u00e9l\u00e8ne Plouffe<\/strong>, alto<br \/>\n<strong>Jessica Korotkin <\/strong>and <strong>Eliana Zimmerman<\/strong>, cellos<br \/>\n<strong>Shanti Nachtergaele<\/strong>, violone<br \/>\n<strong>Gillian Howard <\/strong>and\u00a0<strong>Amanda Kitik<\/strong>, oboes<br \/>\n<strong>Michelle Wylie <\/strong>and <strong>Aura West<\/strong>, trumpets<br \/>\n<strong>Catherine Varvaro<\/strong>, timpani<br \/>\n<strong>Doroth\u00e9a Ventura<\/strong>, organ<\/p>\n<p><strong>Ana\u00efs Cadorette-Bonin<\/strong>, actress<\/p>\n<p><strong>Anne-Marie Beaudette<\/strong>, conductor<br \/>\n<strong>Mark Zoccolillo<\/strong>, artistic advisor<\/p>\n<\/div><\/section><\/p><\/div>\n","protected":false},"excerpt":{"rendered":"","protected":false},"author":2,"featured_media":15407,"parent":0,"menu_order":0,"comment_status":"closed","ping_status":"closed","template":"","meta":{"episode_type":"","audio_file":"","cover_image":"","cover_image_id":"","duration":"","filesize":"","date_recorded":"","explicit":"","block":"","filesize_raw":""},"yst_prominent_words":[],"_links":{"self":[{"href":"https:\/\/smamontreal.ca\/en\/wp-json\/wp\/v2\/pages\/15406"}],"collection":[{"href":"https:\/\/smamontreal.ca\/en\/wp-json\/wp\/v2\/pages"}],"about":[{"href":"https:\/\/smamontreal.ca\/en\/wp-json\/wp\/v2\/types\/page"}],"author":[{"embeddable":true,"href":"https:\/\/smamontreal.ca\/en\/wp-json\/wp\/v2\/users\/2"}],"replies":[{"embeddable":true,"href":"https:\/\/smamontreal.ca\/en\/wp-json\/wp\/v2\/comments?post=15406"}],"version-history":[{"count":50,"href":"https:\/\/smamontreal.ca\/en\/wp-json\/wp\/v2\/pages\/15406\/revisions"}],"predecessor-version":[{"id":17105,"href":"https:\/\/smamontreal.ca\/en\/wp-json\/wp\/v2\/pages\/15406\/revisions\/17105"}],"wp:featuredmedia":[{"embeddable":true,"href":"https:\/\/smamontreal.ca\/en\/wp-json\/wp\/v2\/media\/15407"}],"wp:attachment":[{"href":"https:\/\/smamontreal.ca\/en\/wp-json\/wp\/v2\/media?parent=15406"}],"wp:term":[{"taxonomy":"yst_prominent_words","embeddable":true,"href":"https:\/\/smamontreal.ca\/en\/wp-json\/wp\/v2\/yst_prominent_words?post=15406"}],"curies":[{"name":"wp","href":"https:\/\/api.w.org\/{rel}","templated":true}]}}