{"id":15844,"date":"2025-07-10T14:27:59","date_gmt":"2025-07-10T18:27:59","guid":{"rendered":"https:\/\/smamontreal.ca\/?page_id=15844"},"modified":"2025-11-26T14:54:11","modified_gmt":"2025-11-26T19:54:11","slug":"noels-eternels-trois-rivieres","status":"publish","type":"page","link":"https:\/\/smamontreal.ca\/en\/noels-eternels-trois-rivieres\/","title":{"rendered":"No\u00ebls \u00e9ternels &#8211; Trois-Rivi\u00e8res"},"content":{"rendered":"<div class='flex_column av-5582x7o-11167392e393703eb9236addab1f8081 av_one_half  avia-builder-el-0  el_before_av_one_half  avia-builder-el-first  first flex_column_div '     ><p><div  class='avia-slideshow av-51uqs4k-83a56fbbc550b98b0fa28ddf0164adfd avia-slideshow-no scaling av_slideshow avia-slide-slider  avia-builder-el-1  el_before_av_social_share  avia-builder-el-first  av-slideshow-ui av-control-default av-slideshow-autoplay av-loop-endless av-loop-manual-endless av-default-height-applied avia-slideshow-1' data-slideshow-options=\"{&quot;animation&quot;:&quot;slide&quot;,&quot;autoplay&quot;:true,&quot;loop_autoplay&quot;:&quot;endless&quot;,&quot;interval&quot;:5,&quot;loop_manual&quot;:&quot;manual-endless&quot;,&quot;autoplay_stopper&quot;:false,&quot;noNavigation&quot;:false,&quot;bg_slider&quot;:false,&quot;keep_padding&quot;:false,&quot;hoverpause&quot;:false,&quot;show_slide_delay&quot;:0}\"  itemprop=\"image\" itemscope=\"itemscope\" itemtype=\"https:\/\/schema.org\/ImageObject\" ><ul class='avia-slideshow-inner ' style='padding-bottom: 111.87019641332%;'><li  class='avia-slideshow-slide av-51uqs4k-83a56fbbc550b98b0fa28ddf0164adfd__0  av-single-slide slide-1 slide-odd'><div data-rel='slideshow-1' class='avia-slide-wrap '   ><img class=\"wp-image-15918 avia-img-lazy-loading-not-15918\"  src=\"https:\/\/smamontreal.ca\/wp-content\/uploads\/2025\/07\/SMAM_2024-25_pageweb_concertserie_2_noelseternels_ENG_tournee-copie.jpg\" width=\"1171\" height=\"1310\" title='SMAM_2024-25_pageweb_concertserie_2_noelseternels_ENG_tournee copie' alt=''  itemprop=\"thumbnailUrl\" srcset=\"https:\/\/smamontreal.ca\/wp-content\/uploads\/2025\/07\/SMAM_2024-25_pageweb_concertserie_2_noelseternels_ENG_tournee-copie.jpg 1171w, https:\/\/smamontreal.ca\/wp-content\/uploads\/2025\/07\/SMAM_2024-25_pageweb_concertserie_2_noelseternels_ENG_tournee-copie-268x300.jpg 268w, https:\/\/smamontreal.ca\/wp-content\/uploads\/2025\/07\/SMAM_2024-25_pageweb_concertserie_2_noelseternels_ENG_tournee-copie-921x1030.jpg 921w, https:\/\/smamontreal.ca\/wp-content\/uploads\/2025\/07\/SMAM_2024-25_pageweb_concertserie_2_noelseternels_ENG_tournee-copie-768x859.jpg 768w, https:\/\/smamontreal.ca\/wp-content\/uploads\/2025\/07\/SMAM_2024-25_pageweb_concertserie_2_noelseternels_ENG_tournee-copie-630x705.jpg 630w, https:\/\/smamontreal.ca\/wp-content\/uploads\/2025\/07\/SMAM_2024-25_pageweb_concertserie_2_noelseternels_ENG_tournee-copie-450x503.jpg 450w\" sizes=\"(max-width: 1171px) 100vw, 1171px\" \/><\/div><\/li><\/ul><\/div><br \/>\n<div  class='av-social-sharing-box av-3z7pmck-4dca5eb954a2802124ae110f67ac6f76 av-social-sharing-box-minimal  avia-builder-el-2  el_after_av_slideshow  avia-builder-el-last  av-social-sharing-box-fullwidth'><div class=\"av-share-box\"><ul class=\"av-share-box-list noLightbox\"><li class='av-share-link av-social-link-facebook' ><a target=\"_blank\" aria-label=\"Share on Facebook\" href='https:\/\/www.facebook.com\/sharer.php?u=https:\/\/smamontreal.ca\/en\/noels-eternels-trois-rivieres\/&#038;t=No%C3%ABls%20%C3%A9ternels%20%E2%80%93%20Trois-Rivi%C3%A8res' aria-hidden='false' data-av_icon='\ue8f3' data-av_iconfont='entypo-fontello' title='' data-avia-related-tooltip='Share on Facebook' rel=\"noopener\"><span class='avia_hidden_link_text'>Share on Facebook<\/span><\/a><\/li><li class='av-share-link av-social-link-twitter' ><a target=\"_blank\" aria-label=\"Share on Twitter\" href='https:\/\/twitter.com\/share?text=No%C3%ABls%20%C3%A9ternels%20%E2%80%93%20Trois-Rivi%C3%A8res&#038;url=https:\/\/smamontreal.ca\/en\/?p=15844' aria-hidden='false' data-av_icon='\ue8f1' data-av_iconfont='entypo-fontello' title='' data-avia-related-tooltip='Share on Twitter' rel=\"noopener\"><span class='avia_hidden_link_text'>Share on Twitter<\/span><\/a><\/li><li class='av-share-link av-social-link-mail' ><a  aria-label=\"Share by Mail\" href='mailto:?subject=No%C3%ABls%20%C3%A9ternels%20%E2%80%93%20Trois-Rivi%C3%A8res&#038;body=https:\/\/smamontreal.ca\/en\/noels-eternels-trois-rivieres\/' aria-hidden='false' data-av_icon='\ue805' data-av_iconfont='entypo-fontello' title='' data-avia-related-tooltip='Share by Mail'><span class='avia_hidden_link_text'>Share by Mail<\/span><\/a><\/li><\/ul><\/div><\/div><\/p><\/div>\n\n<style type=\"text\/css\" data-created_by=\"avia_inline_auto\" id=\"style-css-av-3budzes-485f4a75c69fd3000e896b9e3d8c60e5\">\n.flex_column.av-3budzes-485f4a75c69fd3000e896b9e3d8c60e5{\n-webkit-border-radius:0px 0px 0px 0px;\n-moz-border-radius:0px 0px 0px 0px;\nborder-radius:0px 0px 0px 0px;\n}\n<\/style>\n<div class='flex_column av-3budzes-485f4a75c69fd3000e896b9e3d8c60e5 av_one_half  avia-builder-el-3  el_after_av_one_half  avia-builder-el-last  flex_column_div av-zero-column-padding '     ><p><section  class='av_textblock_section av-acaosk-3fa2980948b6c405309345ba70257e7c'  itemscope=\"itemscope\" itemtype=\"https:\/\/schema.org\/CreativeWork\" ><div class='avia_textblock'  itemprop=\"text\" ><p><span style=\"color: #ffffff;\">&#8211;<\/span><\/p>\n<\/div><\/section><br \/>\n<div  class='avia-button-wrap av-2hw5yv8-6595af3c3418b01a015dc84283bcef68-wrap avia-button-right  avia-builder-el-5  el_after_av_textblock  el_before_av_textblock ' >\n<style type=\"text\/css\" data-created_by=\"avia_inline_auto\" id=\"style-css-av-2hw5yv8-6595af3c3418b01a015dc84283bcef68\">\n#top #wrap_all .avia-button.av-2hw5yv8-6595af3c3418b01a015dc84283bcef68{\nbackground-color:#e6007e;\nborder-color:#e6007e;\ncolor:#ffffff;\n-webkit-transition:all 0.4s ease-in-out;\n-moz-transition:all 0.4s ease-in-out;\n-ms-transition:all 0.4s ease-in-out;\n-o-transition:all 0.4s ease-in-out;\ntransition:all 0.4s ease-in-out;\n}\n<\/style>\n<a href='https:\/\/smamontreal.tuxedobillet.com\/main\/noels-eternels-a-trois-rivieres' class='avia-button av-2hw5yv8-6595af3c3418b01a015dc84283bcef68 avia-icon_select-yes-left-icon avia-size-small avia-position-right' target=\"_blank\" rel=\"noopener noreferrer\"><span class='avia_button_icon avia_button_icon_left' aria-hidden='true' data-av_icon='\ue817' data-av_iconfont='entypo-fontello'><\/span><span class='avia_iconbox_title' >Buy Tickets<\/span><\/a><\/div><br \/>\n\n<style type=\"text\/css\" data-created_by=\"avia_inline_auto\" id=\"style-css-av-mcxpza6v-7daa99728daba87443540fb26b24ad7e\">\n#top .av_textblock_section.av-mcxpza6v-7daa99728daba87443540fb26b24ad7e .avia_textblock{\ncolor:#000000;\n}\n<\/style>\n<section  class='av_textblock_section av-mcxpza6v-7daa99728daba87443540fb26b24ad7e'  itemscope=\"itemscope\" itemtype=\"https:\/\/schema.org\/CreativeWork\" ><div class='avia_textblock av_inherit_color'  itemprop=\"text\" ><p><span style=\"color: #ffffff;\">&#8211;<\/span><strong><br \/>\n<\/strong><\/p>\n<p><strong>Saturday, November 9, 2025 \u2013 2:30 pm<br \/>\n<\/strong>Chapel of the Saint Joseph Seminary<br \/>\n858, rue Laviolette<br \/>\nTrois-Rivi\u00e8res, G9A 5S3<\/p>\n<\/div><\/section><br \/>\n\n<style type=\"text\/css\" data-created_by=\"avia_inline_auto\" id=\"style-css-av-1yy5xes-d38cb1829640b522244f43e8a4388e29\">\n#top .av-special-heading.av-1yy5xes-d38cb1829640b522244f43e8a4388e29{\npadding-bottom:15px;\n}\nbody .av-special-heading.av-1yy5xes-d38cb1829640b522244f43e8a4388e29 .av-special-heading-tag .heading-char{\nfont-size:25px;\n}\n.av-special-heading.av-1yy5xes-d38cb1829640b522244f43e8a4388e29 .av-subheading{\nfont-size:10px;\n}\n<\/style>\n<div  class='av-special-heading av-1yy5xes-d38cb1829640b522244f43e8a4388e29 av-special-heading-h3 meta-heading  avia-builder-el-7  el_after_av_textblock  el_before_av_textblock '><h3 class='av-special-heading-tag'  itemprop=\"headline\"  >SUMMARY<\/h3><div class=\"special-heading-border\"><div class=\"special-heading-inner-border\"><\/div><\/div><\/div><br \/>\n\n<style type=\"text\/css\" data-created_by=\"avia_inline_auto\" id=\"style-css-av-mcxpznqf-6122fbe311fbe163aee585ea1bd85774\">\n#top .av_textblock_section.av-mcxpznqf-6122fbe311fbe163aee585ea1bd85774 .avia_textblock{\ncolor:#000000;\n}\n<\/style>\n<section  class='av_textblock_section av-mcxpznqf-6122fbe311fbe163aee585ea1bd85774'  itemscope=\"itemscope\" itemtype=\"https:\/\/schema.org\/CreativeWork\" ><div class='avia_textblock av_inherit_color'  itemprop=\"text\" ><p data-start=\"0\" data-end=\"546\">Come celebrate the magic of Christmas with some of the most beautiful traditional German carols, choral masterpieces by J. S. Bach, Jacobus Handl, and Michael Praetorius, as well as beloved holiday classics like <em data-start=\"212\" data-end=\"226\">Silent Night<\/em> and <em data-start=\"231\" data-end=\"249\">O Christmas Tree<\/em>. Timeless melodies, shimmering polyphonies, and familiar hymns come together in a joyful experience where the audience is invited to sing along with the choir \u2014 joined for the occasion by special guests,<strong>\u00a0<\/strong><strong>L&#8217;Orph\u00e9on<\/strong> <strong>Choir<\/strong>\u00a0\u2014 to rekindle the festive and heartwarming spirit of Christmases past.<\/p>\n<p data-start=\"548\" data-end=\"598\" data-is-last-node=\"\" data-is-only-node=\"\">\n<\/div><\/section><br \/>\n\n<style type=\"text\/css\" data-created_by=\"avia_inline_auto\" id=\"style-css-av-1pa3x5w-f2588856b4288d545430e46d8e53ebea\">\n#top .av-special-heading.av-1pa3x5w-f2588856b4288d545430e46d8e53ebea{\npadding-bottom:15px;\n}\nbody .av-special-heading.av-1pa3x5w-f2588856b4288d545430e46d8e53ebea .av-special-heading-tag .heading-char{\nfont-size:25px;\n}\n.av-special-heading.av-1pa3x5w-f2588856b4288d545430e46d8e53ebea .av-subheading{\nfont-size:10px;\n}\n<\/style>\n<div  class='av-special-heading av-1pa3x5w-f2588856b4288d545430e46d8e53ebea av-special-heading-h3 meta-heading  avia-builder-el-9  el_after_av_textblock  el_before_av_textblock '><h3 class='av-special-heading-tag'  itemprop=\"headline\"  >PROGRAM<\/h3><div class=\"special-heading-border\"><div class=\"special-heading-inner-border\"><\/div><\/div><\/div><br \/>\n\n<style type=\"text\/css\" data-created_by=\"avia_inline_auto\" id=\"style-css-av-15orosk-bcd52c1462f140f9872b4475e0213120\">\n#top .av_textblock_section.av-15orosk-bcd52c1462f140f9872b4475e0213120 .avia_textblock{\ncolor:#000000;\n}\n<\/style>\n<section  class='av_textblock_section av-15orosk-bcd52c1462f140f9872b4475e0213120'  itemscope=\"itemscope\" itemtype=\"https:\/\/schema.org\/CreativeWork\" ><div class='avia_textblock av_inherit_color'  itemprop=\"text\" ><p class=\"p1\"><b>Golec uOrkiestra <\/b><br \/>\n<em>Wsrod Nocnej Ciszy &#8211; Tout fait silence<\/em><i><br \/>\n<\/i>(No\u00ebl de Pologne) Traduction : J. E. Ronan<\/p>\n<p class=\"p1\"><b>Anonyme<br \/>\n<\/b><em>Deck the hall <\/em>(Air gallois ancien)<\/p>\n<p class=\"p1\"><b>Anonyme<br \/>\n<\/b><em>Gaudete!<\/em><\/p>\n<p class=\"p1\"><b>Jean de Br\u00e9beuf<\/b> (1593-1649)<br \/>\n<em>Iesous Ahatonnia &#8211; J\u00e9sus est n\u00e9<\/em><i><br \/>\n<\/i>(No\u00ebl de la Nouvelle-France) Arrangement : Gilles Rioux<\/p>\n<p class=\"p1\"><b>P. Andr\u00e9 Dumont<br \/>\n<\/b><em>Quel est l\u2019enfant &#8211; Greensleeves<\/em><i><br \/>\n<\/i>Harmonisation : Gilles Rioux<\/p>\n<p class=\"p1\"><b>Michael Praetorius <\/b>(1571-1621)<br \/>\n<em>Es ist ein Ros entsprungen<\/em> (Cologne, 1599)<\/p>\n<p class=\"p1\"><b>Johann Christian Bach<\/b> (1735-1782)<br \/>\n<em>Lieber Herr Gott, wekke uns auf<\/em> (Hofmeister, Dresde, 1822)<\/p>\n<p class=\"p1\"><b>Johann Sebastian Bach<\/b> (1685-1750)<br \/>\n<em>O Jesulein S\u00fcss, BWV 493<\/em> (<em>Musicalisches Gesang-Buch<\/em>, 1734)<\/p>\n<p class=\"p1\"><b>Heinrich Sch\u00fctz <\/b>(1585-1672)<br \/>\n<em>Deutsches Magnificat : Meine Seele erhebt den Herren<\/em>, SWV 494 (Dresde, 1671)<br \/>\n<em>Hodie Christus natus est,<\/em> SWV 456 (Dresde, 1660)<\/p>\n<p class=\"p1\"><b>Hieronymus Praetorius<\/b> (1560-1629)<br \/>\n<em>Angelus ad pastores ait <\/em>(<em>Musarum Sioniar: Motectae et Psalmi Latini<\/em><i>, <\/i>Nuremberg, 1607)<\/p>\n<p class=\"p1\"><b>Anonyme<br \/>\n<\/b><em>Als ich bei meinen Schafen wacht<\/em><\/p>\n<p class=\"p1\"><b>Johann Pachelbel<\/b> (1653-1706)<br \/>\n<em>Jauchzet dem Herrn<\/em>, P. 213<\/p>\n<p class=\"p1\"><b>Jacobus Handl<\/b> (1550-1591)<br \/>\n<em>Resonet in laudibus,<\/em> HK. 75 (<em>Gallus, Opus musicum<\/em>, tome 1, 1586)<\/p>\n<p class=\"p1\"><b>Conrad Franz Xaver Gruber <\/b>(1787-1863)<br \/>\n<em>Stille Nacht \/ Douce nuit <\/em>(Salzbourg, 1818)<\/p>\n<p class=\"p1\"><b>Michael Praetorius<\/b> (1571-1621)<br \/>\n<em>In dulci jubilo<\/em> (<em>Musae Sioniae<\/em>, 1607)<\/p>\n<p class=\"p1\"><b>Bartholom\u00e4us Gesius <\/b>(v. 1562-1613) \/ <b>Johann Sebastian Bach<br \/>\n<\/b><em>In dulci Jubilo<\/em><\/p>\n<\/div><\/section><br \/>\n\n<style type=\"text\/css\" data-created_by=\"avia_inline_auto\" id=\"style-css-av-q8g950-b8a7f0fb1905ce9524005f97e9018e0e\">\n#top .av-special-heading.av-q8g950-b8a7f0fb1905ce9524005f97e9018e0e{\npadding-bottom:15px;\n}\nbody .av-special-heading.av-q8g950-b8a7f0fb1905ce9524005f97e9018e0e .av-special-heading-tag .heading-char{\nfont-size:25px;\n}\n.av-special-heading.av-q8g950-b8a7f0fb1905ce9524005f97e9018e0e .av-subheading{\nfont-size:10px;\n}\n<\/style>\n<div  class='av-special-heading av-q8g950-b8a7f0fb1905ce9524005f97e9018e0e av-special-heading-h3 meta-heading  avia-builder-el-11  el_after_av_textblock  el_before_av_textblock '><h3 class='av-special-heading-tag'  itemprop=\"headline\"  >DISTRIBUTION<\/h3><div class=\"special-heading-border\"><div class=\"special-heading-inner-border\"><\/div><\/div><\/div><br \/>\n\n<style type=\"text\/css\" data-created_by=\"avia_inline_auto\" id=\"style-css-av-mcxpzg3w-1f7d24e98f5aea114b9b80bd07b863c7\">\n#top .av_textblock_section.av-mcxpzg3w-1f7d24e98f5aea114b9b80bd07b863c7 .avia_textblock{\ncolor:#000000;\n}\n<\/style>\n<section  class='av_textblock_section av-mcxpzg3w-1f7d24e98f5aea114b9b80bd07b863c7'  itemscope=\"itemscope\" itemtype=\"https:\/\/schema.org\/CreativeWork\" ><div class='avia_textblock av_inherit_color'  itemprop=\"text\" ><p><strong>Singers from SMAM<\/strong><br \/>\n<strong>Rebecca Dowd<\/strong>, <strong>Len Torrie<\/strong>, sopranos<br \/>\n<strong>Isabella Cuminato<\/strong>,\u00a0<strong>Kristen De Marchi<\/strong>, altos<br \/>\n<strong>Michiel Schrey<\/strong>,\u00a0<strong>Arthur Tanguay-Labrosse<\/strong>, tenors<br \/>\n<strong>Pierre-\u00c9tienne Bergeron<\/strong>,<strong>John Giffen<\/strong>, basses<\/p>\n<p><strong>L&#8217;Orph\u00e9on Choir<br \/>\n<\/strong><b>Soprani 1 <\/b><br \/>\nMagella Bouchard, Johanne Hamel, Lucie<span class=\"Apple-converted-space\">\u00a0 <\/span>Lafreni\u00e8re,\u00a0Pascale Martin, Gw\u00e9na\u00eblle Plessis<br \/>\n<b>Soprani 2<\/b><br \/>\nJocelyne Alarie, Louise Baribeau, Huguette Beno\u00eet, Nicole Bergeron, Guylaine Breton, Johanne Dauphinais, Marie-\u00c8ve Dubord, Diane Foster, Kim Mongrain, Francine Ouimet, Marielle St-Sauveur<br \/>\n<b>Alti 1 <\/b><br \/>\nFrancine B\u00e9dard, Monique B\u00e9dard, Monique Bettez, Rollande Cloutier, Andr\u00e9e Lamothe, Val\u00e9rie Provencher, Louise Rouleau, Danielle Thibault <span class=\"Apple-converted-space\"><br \/>\n<\/span><b>Alti 2<br \/>\n<\/b>Monique Bournival, Maryse Clavet, Mireille Lever, Denise Loranger, Marie-Eve P\u00e9pin, \u00c9laine Tremblay<b><br \/>\n<\/b><b>T\u00e9nors 1<span class=\"Apple-converted-space\">\u00a0 <\/span><br \/>\n<\/b>C\u00e9line Fontaine, Caroline Lavall\u00e9e, Guy Provencher, Marielle Renaud, Nicole Renaud<span class=\"Apple-converted-space\"><br \/>\n<\/span><b>T\u00e9nors 2<span class=\"Apple-converted-space\">\u00a0 <\/span><br \/>\n<\/b>Yves B\u00e9rub\u00e9, Guy Lanct\u00f4t<br \/>\n<b>Basses 1 <\/b><span class=\"Apple-converted-space\"><br \/>\n<\/span>Marc Asselin, Pierre Dauphinais, Michel Doyon, Ghislain Gaudreau<br \/>\n<b>Basses 2<br \/>\n<\/b>Roger Baril, Michel Marcotte, Yvon Poudrier<\/p>\n<p><strong>Philippe Bournival<\/strong>, organ<\/p>\n<p><strong>Jocelyn Lafond <\/strong>and<strong> Andrew McAnerney <\/strong>, conductors<\/p>\n<\/div><\/section><\/p><\/div>\n","protected":false},"excerpt":{"rendered":"","protected":false},"author":2,"featured_media":15918,"parent":0,"menu_order":0,"comment_status":"closed","ping_status":"closed","template":"","meta":{"episode_type":"","audio_file":"","cover_image":"","cover_image_id":"","duration":"","filesize":"","date_recorded":"","explicit":"","block":"","filesize_raw":""},"yst_prominent_words":[],"_links":{"self":[{"href":"https:\/\/smamontreal.ca\/en\/wp-json\/wp\/v2\/pages\/15844"}],"collection":[{"href":"https:\/\/smamontreal.ca\/en\/wp-json\/wp\/v2\/pages"}],"about":[{"href":"https:\/\/smamontreal.ca\/en\/wp-json\/wp\/v2\/types\/page"}],"author":[{"embeddable":true,"href":"https:\/\/smamontreal.ca\/en\/wp-json\/wp\/v2\/users\/2"}],"replies":[{"embeddable":true,"href":"https:\/\/smamontreal.ca\/en\/wp-json\/wp\/v2\/comments?post=15844"}],"version-history":[{"count":41,"href":"https:\/\/smamontreal.ca\/en\/wp-json\/wp\/v2\/pages\/15844\/revisions"}],"predecessor-version":[{"id":16731,"href":"https:\/\/smamontreal.ca\/en\/wp-json\/wp\/v2\/pages\/15844\/revisions\/16731"}],"wp:featuredmedia":[{"embeddable":true,"href":"https:\/\/smamontreal.ca\/en\/wp-json\/wp\/v2\/media\/15918"}],"wp:attachment":[{"href":"https:\/\/smamontreal.ca\/en\/wp-json\/wp\/v2\/media?parent=15844"}],"wp:term":[{"taxonomy":"yst_prominent_words","embeddable":true,"href":"https:\/\/smamontreal.ca\/en\/wp-json\/wp\/v2\/yst_prominent_words?post=15844"}],"curies":[{"name":"wp","href":"https:\/\/api.w.org\/{rel}","templated":true}]}}