{"id":15868,"date":"2025-07-10T14:44:20","date_gmt":"2025-07-10T18:44:20","guid":{"rendered":"https:\/\/smamontreal.ca\/?page_id=15868"},"modified":"2025-11-20T15:13:46","modified_gmt":"2025-11-20T20:13:46","slug":"noels-eternels-ville-de-quebec","status":"publish","type":"page","link":"https:\/\/smamontreal.ca\/en\/noels-eternels-ville-de-quebec\/","title":{"rendered":"No\u00ebls \u00e9ternels &#8211; Qu\u00e9bec City"},"content":{"rendered":"<div class='flex_column av-4nakr5o-34364297a1065825324dfe606b7402cd av_one_half  avia-builder-el-0  el_before_av_one_half  avia-builder-el-first  first flex_column_div '     ><p><div  class='avia-slideshow av-mcxqk449-3d04ca4c98dfbd8c55f564dd322fe5ec avia-slideshow-no scaling av_slideshow avia-slide-slider  avia-builder-el-1  el_before_av_social_share  avia-builder-el-first  av-slideshow-ui av-control-default av-slideshow-autoplay av-loop-endless av-loop-manual-endless av-default-height-applied avia-slideshow-1' data-slideshow-options=\"{&quot;animation&quot;:&quot;slide&quot;,&quot;autoplay&quot;:true,&quot;loop_autoplay&quot;:&quot;endless&quot;,&quot;interval&quot;:5,&quot;loop_manual&quot;:&quot;manual-endless&quot;,&quot;autoplay_stopper&quot;:false,&quot;noNavigation&quot;:false,&quot;bg_slider&quot;:false,&quot;keep_padding&quot;:false,&quot;hoverpause&quot;:false,&quot;show_slide_delay&quot;:0}\"  itemprop=\"image\" itemscope=\"itemscope\" itemtype=\"https:\/\/schema.org\/ImageObject\" ><ul class='avia-slideshow-inner ' style='padding-bottom: 111.87019641332%;'><li  class='avia-slideshow-slide av-mcxqk449-3d04ca4c98dfbd8c55f564dd322fe5ec__0  av-single-slide slide-1 slide-odd'><div data-rel='slideshow-1' class='avia-slide-wrap '   ><img class=\"wp-image-15918 avia-img-lazy-loading-not-15918\"  src=\"https:\/\/smamontreal.ca\/wp-content\/uploads\/2025\/07\/SMAM_2024-25_pageweb_concertserie_2_noelseternels_ENG_tournee-copie.jpg\" width=\"1171\" height=\"1310\" title='SMAM_2024-25_pageweb_concertserie_2_noelseternels_ENG_tournee copie' alt=''  itemprop=\"thumbnailUrl\" srcset=\"https:\/\/smamontreal.ca\/wp-content\/uploads\/2025\/07\/SMAM_2024-25_pageweb_concertserie_2_noelseternels_ENG_tournee-copie.jpg 1171w, https:\/\/smamontreal.ca\/wp-content\/uploads\/2025\/07\/SMAM_2024-25_pageweb_concertserie_2_noelseternels_ENG_tournee-copie-268x300.jpg 268w, https:\/\/smamontreal.ca\/wp-content\/uploads\/2025\/07\/SMAM_2024-25_pageweb_concertserie_2_noelseternels_ENG_tournee-copie-921x1030.jpg 921w, https:\/\/smamontreal.ca\/wp-content\/uploads\/2025\/07\/SMAM_2024-25_pageweb_concertserie_2_noelseternels_ENG_tournee-copie-768x859.jpg 768w, https:\/\/smamontreal.ca\/wp-content\/uploads\/2025\/07\/SMAM_2024-25_pageweb_concertserie_2_noelseternels_ENG_tournee-copie-630x705.jpg 630w, https:\/\/smamontreal.ca\/wp-content\/uploads\/2025\/07\/SMAM_2024-25_pageweb_concertserie_2_noelseternels_ENG_tournee-copie-450x503.jpg 450w\" sizes=\"(max-width: 1171px) 100vw, 1171px\" \/><\/div><\/li><\/ul><\/div><br \/>\n<div  class='av-social-sharing-box av-3xbpx30-9dd47aee7b3c1f49c0031f9cd678327d av-social-sharing-box-minimal  avia-builder-el-2  el_after_av_slideshow  avia-builder-el-last  av-social-sharing-box-fullwidth'><div class=\"av-share-box\"><ul class=\"av-share-box-list noLightbox\"><li class='av-share-link av-social-link-facebook' ><a target=\"_blank\" aria-label=\"Share on Facebook\" href='https:\/\/www.facebook.com\/sharer.php?u=https:\/\/smamontreal.ca\/en\/noels-eternels-ville-de-quebec\/&#038;t=No%C3%ABls%20%C3%A9ternels%20%E2%80%93%20Qu%C3%A9bec%20City' aria-hidden='false' data-av_icon='\ue8f3' data-av_iconfont='entypo-fontello' title='' data-avia-related-tooltip='Share on Facebook' rel=\"noopener\"><span class='avia_hidden_link_text'>Share on Facebook<\/span><\/a><\/li><li class='av-share-link av-social-link-twitter' ><a target=\"_blank\" aria-label=\"Share on Twitter\" href='https:\/\/twitter.com\/share?text=No%C3%ABls%20%C3%A9ternels%20%E2%80%93%20Qu%C3%A9bec%20City&#038;url=https:\/\/smamontreal.ca\/en\/?p=15868' aria-hidden='false' data-av_icon='\ue8f1' data-av_iconfont='entypo-fontello' title='' data-avia-related-tooltip='Share on Twitter' rel=\"noopener\"><span class='avia_hidden_link_text'>Share on Twitter<\/span><\/a><\/li><li class='av-share-link av-social-link-mail' ><a  aria-label=\"Share by Mail\" href='mailto:?subject=No%C3%ABls%20%C3%A9ternels%20%E2%80%93%20Qu%C3%A9bec%20City&#038;body=https:\/\/smamontreal.ca\/en\/noels-eternels-ville-de-quebec\/' aria-hidden='false' data-av_icon='\ue805' data-av_iconfont='entypo-fontello' title='' data-avia-related-tooltip='Share by Mail'><span class='avia_hidden_link_text'>Share by Mail<\/span><\/a><\/li><\/ul><\/div><\/div><\/p><\/div>\n\n<style type=\"text\/css\" data-created_by=\"avia_inline_auto\" id=\"style-css-av-3jn1pzw-d993bc90a8324d7fdfe5abbe6adaa9b6\">\n.flex_column.av-3jn1pzw-d993bc90a8324d7fdfe5abbe6adaa9b6{\n-webkit-border-radius:0px 0px 0px 0px;\n-moz-border-radius:0px 0px 0px 0px;\nborder-radius:0px 0px 0px 0px;\n}\n<\/style>\n<div class='flex_column av-3jn1pzw-d993bc90a8324d7fdfe5abbe6adaa9b6 av_one_half  avia-builder-el-3  el_after_av_one_half  avia-builder-el-last  flex_column_div av-zero-column-padding '     ><p><section  class='av_textblock_section av-b95tek-d6e4152bd8fed7b2a10687bbdb40e591'  itemscope=\"itemscope\" itemtype=\"https:\/\/schema.org\/CreativeWork\" ><div class='avia_textblock'  itemprop=\"text\" ><p><span style=\"color: #ffffff;\">&#8211;<\/span><\/p>\n<\/div><\/section><br \/>\n<div  class='avia-button-wrap av-2j6nx8c-2f86d18ef2905fd4f3555b41b4bc9bd5-wrap avia-button-right  avia-builder-el-5  el_after_av_textblock  el_before_av_textblock ' >\n<style type=\"text\/css\" data-created_by=\"avia_inline_auto\" id=\"style-css-av-2j6nx8c-2f86d18ef2905fd4f3555b41b4bc9bd5\">\n#top #wrap_all .avia-button.av-2j6nx8c-2f86d18ef2905fd4f3555b41b4bc9bd5{\nbackground-color:#e6007e;\nborder-color:#e6007e;\ncolor:#ffffff;\n-webkit-transition:all 0.4s ease-in-out;\n-moz-transition:all 0.4s ease-in-out;\n-ms-transition:all 0.4s ease-in-out;\n-o-transition:all 0.4s ease-in-out;\ntransition:all 0.4s ease-in-out;\n}\n<\/style>\n<a href='https:\/\/lepointdevente.com\/billets\/fmu251214001' class='avia-button av-2j6nx8c-2f86d18ef2905fd4f3555b41b4bc9bd5 avia-icon_select-yes-left-icon avia-size-small avia-position-right' target=\"_blank\" rel=\"noopener noreferrer\"><span class='avia_button_icon avia_button_icon_left' aria-hidden='true' data-av_icon='\ue817' data-av_iconfont='entypo-fontello'><\/span><span class='avia_iconbox_title' >Buy Tickets<\/span><\/a><\/div><br \/>\n\n<style type=\"text\/css\" data-created_by=\"avia_inline_auto\" id=\"style-css-av-mcxqkrwe-55018be347fe3d2694bcd3743fc0c404\">\n#top .av_textblock_section.av-mcxqkrwe-55018be347fe3d2694bcd3743fc0c404 .avia_textblock{\ncolor:#000000;\n}\n<\/style>\n<section  class='av_textblock_section av-mcxqkrwe-55018be347fe3d2694bcd3743fc0c404'  itemscope=\"itemscope\" itemtype=\"https:\/\/schema.org\/CreativeWork\" ><div class='avia_textblock av_inherit_color'  itemprop=\"text\" ><p><span style=\"color: #ffffff;\">&#8211;<\/span><strong><br \/>\n<\/strong><\/p>\n<p><strong>Sunday, December 14, 2025 \u2013 2 pm<br \/>\n<\/strong>Henri-Gagnon Hall at Laval University<i><span style=\"font-weight: 400;\"><br \/>\n<\/span><\/i>1055, avenue du S\u00e9minaire<br \/>\nQu\u00e9bec City, G1V 0A6<\/p>\n<\/div><\/section><br \/>\n\n<style type=\"text\/css\" data-created_by=\"avia_inline_auto\" id=\"style-css-av-25hgfp8-72d380b9db3903a301d6480968d9c502\">\n#top .av-special-heading.av-25hgfp8-72d380b9db3903a301d6480968d9c502{\npadding-bottom:15px;\n}\nbody .av-special-heading.av-25hgfp8-72d380b9db3903a301d6480968d9c502 .av-special-heading-tag .heading-char{\nfont-size:25px;\n}\n.av-special-heading.av-25hgfp8-72d380b9db3903a301d6480968d9c502 .av-subheading{\nfont-size:10px;\n}\n<\/style>\n<div  class='av-special-heading av-25hgfp8-72d380b9db3903a301d6480968d9c502 av-special-heading-h3 meta-heading  avia-builder-el-7  el_after_av_textblock  el_before_av_textblock '><h3 class='av-special-heading-tag'  itemprop=\"headline\"  >SUMMARY<\/h3><div class=\"special-heading-border\"><div class=\"special-heading-inner-border\"><\/div><\/div><\/div><br \/>\n\n<style type=\"text\/css\" data-created_by=\"avia_inline_auto\" id=\"style-css-av-mcxql02y-ee1d7fb66a67e60037077299f60c8ad2\">\n#top .av_textblock_section.av-mcxql02y-ee1d7fb66a67e60037077299f60c8ad2 .avia_textblock{\ncolor:#000000;\n}\n<\/style>\n<section  class='av_textblock_section av-mcxql02y-ee1d7fb66a67e60037077299f60c8ad2'  itemscope=\"itemscope\" itemtype=\"https:\/\/schema.org\/CreativeWork\" ><div class='avia_textblock av_inherit_color'  itemprop=\"text\" ><p data-start=\"0\" data-end=\"546\">Come celebrate the magic of Christmas with some of the most beautiful traditional German carols, choral masterpieces by J. S. Bach, Jacobus Handl, and Michael Praetorius, as well as beloved holiday classics like <em data-start=\"212\" data-end=\"226\">Silent Night<\/em> and <em data-start=\"231\" data-end=\"249\">O Christmas Tree<\/em>. Timeless melodies, shimmering polyphonies, and familiar hymns come together in a joyful experience where the audience is invited to sing along with the choir \u2014 accompanied for the occasion by the <strong>Ch\u0153ur de la Facult\u00e9 de musique de l\u2019Universit\u00e9 Laval<\/strong>, in collaboration with the Studio de musique ancienne de Montr\u00e9al \u2014 to rekindle the festive and heartwarming spirit of Christmases past.<\/p>\n<p>This concert is presented in collaboration with the <strong>Ch\u0153ur de la Facult\u00e9 de musique de l\u2019Universit\u00e9 Laval<\/strong>.<br \/>\n<a href=\"https:\/\/smamontreal.ca\/wp-content\/uploads\/2025\/11\/Universite\u0301_Laval_logo_et_texte.svg.png\"><img loading=\"lazy\" class=\"alignnone  wp-image-16573\" src=\"https:\/\/smamontreal.ca\/wp-content\/uploads\/2025\/11\/Universite\u0301_Laval_logo_et_texte.svg-300x130.png\" alt=\"\" width=\"217\" height=\"94\" srcset=\"https:\/\/smamontreal.ca\/wp-content\/uploads\/2025\/11\/Universite\u0301_Laval_logo_et_texte.svg-300x130.png 300w, https:\/\/smamontreal.ca\/wp-content\/uploads\/2025\/11\/Universite\u0301_Laval_logo_et_texte.svg-1030x447.png 1030w, https:\/\/smamontreal.ca\/wp-content\/uploads\/2025\/11\/Universite\u0301_Laval_logo_et_texte.svg-768x334.png 768w, https:\/\/smamontreal.ca\/wp-content\/uploads\/2025\/11\/Universite\u0301_Laval_logo_et_texte.svg-705x306.png 705w, https:\/\/smamontreal.ca\/wp-content\/uploads\/2025\/11\/Universite\u0301_Laval_logo_et_texte.svg.png 1280w\" sizes=\"(max-width: 217px) 100vw, 217px\" \/><\/a><\/p>\n<p data-start=\"548\" data-end=\"598\" data-is-last-node=\"\" data-is-only-node=\"\">\n<\/div><\/section><br \/>\n\n<style type=\"text\/css\" data-created_by=\"avia_inline_auto\" id=\"style-css-av-1r71x18-054578bb113a99160784525c5e314002\">\n#top .av-special-heading.av-1r71x18-054578bb113a99160784525c5e314002{\npadding-bottom:15px;\n}\nbody .av-special-heading.av-1r71x18-054578bb113a99160784525c5e314002 .av-special-heading-tag .heading-char{\nfont-size:25px;\n}\n.av-special-heading.av-1r71x18-054578bb113a99160784525c5e314002 .av-subheading{\nfont-size:10px;\n}\n<\/style>\n<div  class='av-special-heading av-1r71x18-054578bb113a99160784525c5e314002 av-special-heading-h3 meta-heading  avia-builder-el-9  el_after_av_textblock  el_before_av_textblock '><h3 class='av-special-heading-tag'  itemprop=\"headline\"  >PROGRAM<\/h3><div class=\"special-heading-border\"><div class=\"special-heading-inner-border\"><\/div><\/div><\/div><br \/>\n\n<style type=\"text\/css\" data-created_by=\"avia_inline_auto\" id=\"style-css-av-18k093w-2f9e80a6f73c9be3df78e38b3714f4d5\">\n#top .av_textblock_section.av-18k093w-2f9e80a6f73c9be3df78e38b3714f4d5 .avia_textblock{\ncolor:#000000;\n}\n<\/style>\n<section  class='av_textblock_section av-18k093w-2f9e80a6f73c9be3df78e38b3714f4d5'  itemscope=\"itemscope\" itemtype=\"https:\/\/schema.org\/CreativeWork\" ><div class='avia_textblock av_inherit_color'  itemprop=\"text\" ><p><b><span lang=\"FR-CA\">Michael Praetorius\u00a0<\/span><\/b><span lang=\"FR-CA\">(1571-1621) \u2013 SMAM et le Ch\u0153ur de la Facult\u00e9<b><br \/>\n<\/b><em>Es ist ein Ros entsprungen<\/em><\/span><\/p>\n<p><b>Georg Friedrich H\u00e4ndel\u00a0<\/b>(1685-1759) \u2013 Ch\u0153ur de la Facult\u00e9<b><br \/>\n<\/b>Canticorum Jubilo,\u00a0Joshua<\/p>\n<p><b>(Johann Christian Bach<\/b>\u00a0(1735-1782) &#8211; SMAM<i><br \/>\n<\/i><em>Lieber Herr Gott, wekke uns auf\u00a0<\/em><\/p>\n<p><b><span lang=\"FR-CA\">Heinrich Sch\u00fctz<\/span><\/b><span lang=\"FR-CA\">\u00a0(1585-1672) &#8211; SMAM<br \/>\n<em>Deutsches Magnificat<\/em><\/span><\/p>\n<p><b><span lang=\"FR-CA\">Melchior Franck\u00a0<\/span><\/b><span lang=\"FR-CA\">(1579-1639) \/\u00a0<b>Ernst Ansch\u00fctz\u00a0<\/b>(1780-1861)<br \/>\n<em>O Tannenbaum \/ Mon beau sapin<\/em><\/span><\/p>\n<p><b><span lang=\"FR-CA\">Johann Sebastian Bach<\/span><\/b><span lang=\"FR-CA\">\u00a0(1685-1750) \u2013 SMAM et le Ch\u0153ur de la Facult\u00e9<br \/>\n<em>O Jesulein S\u00fcss\u00a0<\/em><\/span><\/p>\n<p><b><span lang=\"FR-CA\">Johann Sebastian Bach<\/span><\/b><span lang=\"FR-CA\">\u00a0(1685-1750) \u2013 Ch\u0153ur de la Facult\u00e9<br \/>\n<em>O Jesus, O tender master,\u00a0Cantata 147<\/em><\/span><\/p>\n<p><b><span lang=\"FR-CA\">Johann Sebastian Bach<\/span><\/b><span lang=\"FR-CA\">\u00a0(1685-1750) \u2013 Ch\u0153ur de la Facult\u00e9<br \/>\n<em>\u201cSicut locutus est,\u201d\u00a0Magnificat<\/em><\/span><\/p>\n<p><b><span lang=\"FR-CA\">Hieronymus Praetorius<\/span><\/b><span lang=\"FR-CA\">\u00a0(1560-1629) SMAM<br \/>\n<em>Angelus ad pastores ait\u00a0<\/em><\/span><\/p>\n<p><b><span lang=\"FR-CA\">Anonyme\u00a0<\/span><\/b><span lang=\"FR-CA\">\u2013 SMAM et le Ch\u0153ur de la Facult\u00e9<br \/>\n<em>Als ich bei meinen Schafen wacht<\/em><\/span><\/p>\n<p><b>Johann Pachelbel<\/b>\u00a0(1653-1706) &#8211; SMAM<br \/>\n<em>Jauchzet dem Herrn<\/em><\/p>\n<p><b><span lang=\"FR-CA\">Jacobus Handl<\/span><\/b><span lang=\"FR-CA\">\u00a0(1550-1759) \u2013 SMAM et le Ch\u0153ur de la Facult\u00e9<br \/>\n<em>Resonet in laudibus<\/em><\/span><\/p>\n<p><b><span lang=\"FR-CA\">Conrad Franz Xaver\u00a0Gruber<\/span><\/b><span lang=\"FR-CA\">\u00a0(1787-1863) \u2013 SMAM, le Ch\u0153ur de la Facult\u00e9, et le public<br \/>\n<em>Stille Nacht<\/em><\/span><\/p>\n<p><b>Michael Praetorius\u00a0<\/b>&#8211; SMAM<br \/>\n<em>In dulci Jubilo<\/em><\/p>\n<p><b><span lang=\"FR-CA\">Johann Sebastian Bach &#8211;\u00a0<\/span><\/b><span lang=\"FR-CA\">SMAM et le Ch\u0153ur de la Facult\u00e9<br \/>\n<em>In dulci Jubilo<\/em><\/span><\/p>\n<p><b><span lang=\"FR-CA\">Heinrich Sch\u00fctz<\/span><\/b><span lang=\"FR-CA\">\u00a0(1585-1672) \u2013 SMAM et le Ch\u0153ur de la Facult\u00e9<i><br \/>\n<\/i><em>Hodie Christus natus est\u00a0<\/em>(SWV 456)<\/span><\/p>\n<\/div><\/section><br \/>\n\n<style type=\"text\/css\" data-created_by=\"avia_inline_auto\" id=\"style-css-av-jnwqik-34313e9aa11e8cd65ed6aefa4ea27c36\">\n#top .av-special-heading.av-jnwqik-34313e9aa11e8cd65ed6aefa4ea27c36{\npadding-bottom:15px;\n}\nbody .av-special-heading.av-jnwqik-34313e9aa11e8cd65ed6aefa4ea27c36 .av-special-heading-tag .heading-char{\nfont-size:25px;\n}\n.av-special-heading.av-jnwqik-34313e9aa11e8cd65ed6aefa4ea27c36 .av-subheading{\nfont-size:10px;\n}\n<\/style>\n<div  class='av-special-heading av-jnwqik-34313e9aa11e8cd65ed6aefa4ea27c36 av-special-heading-h3 meta-heading  avia-builder-el-11  el_after_av_textblock  el_before_av_textblock '><h3 class='av-special-heading-tag'  itemprop=\"headline\"  >DISTRIBUTION<\/h3><div class=\"special-heading-border\"><div class=\"special-heading-inner-border\"><\/div><\/div><\/div><br \/>\n\n<style type=\"text\/css\" data-created_by=\"avia_inline_auto\" id=\"style-css-av-mcxql4gr-f6e5254ed810374a28b4cc3a7686f7e0\">\n#top .av_textblock_section.av-mcxql4gr-f6e5254ed810374a28b4cc3a7686f7e0 .avia_textblock{\ncolor:#000000;\n}\n<\/style>\n<section  class='av_textblock_section av-mcxql4gr-f6e5254ed810374a28b4cc3a7686f7e0'  itemscope=\"itemscope\" itemtype=\"https:\/\/schema.org\/CreativeWork\" ><div class='avia_textblock av_inherit_color'  itemprop=\"text\" ><p>SMAM Singers<br \/>\n<strong>Marie Magistry<\/strong>, <strong>Len Torrie<\/strong>, sopranos<br \/>\n<strong>Isabella Cuminato<\/strong>, <strong>Kristen De Marchi<\/strong>, altos<br \/>\n<strong>Nathan LeLi\u00e8vre<\/strong>, <strong>Arthur Tanguay-Labrosse<\/strong>, tenors<br \/>\n<strong>John Giffen<\/strong>, <strong>Kevin Marimbu<\/strong>, basses<\/p>\n<p>Choeur de la facult\u00e9 de musique de l&#8217;Universit\u00e9 Laval<br \/>\n<strong>Rose Charest L\u00e9veill\u00e9e, Ang\u00e8le Fr\u00e9chette, Marilou Genest, Maude Gosselin, Marianne Lavoie, Ma\u00ebliss Mah\u00e9, Rajerison Voahary Estelle, Marguerite Samson, Azur Simard<\/strong>, sopranos<br \/>\n<strong>S\u00e9lima Bouakline, Anne-Sophie Camirand, Laeticia H\u00e9bert, Laurie Lalibert\u00e9, Laurence Lavoie, Jennyfer Sarkis, Isabelle Trottier, Maude Vachon<\/strong>, altos<br \/>\n<strong>Vincent Croteau, Kian Dabaghi, Gabriel Fortin, S\u00e9bastien Gobeil, Nicolas Gosselin, Arnaud Gravel, Lo\u00efc Laflamme, Thierry Lamontagne, Saeid Makvandi, Olivier Narbonne, Nathan Rheault<\/strong>, tenors<br \/>\n<strong>Charles Desnoyers, \u00c9mile Dub\u00e9, Steeve Fortin, Xavier H\u00e9roux, Jason Labrecque, Julien Lavoie, Olivier Lorancin, Simon Nicole, Justin Pilote, Mathieu Savoie, David Slusarenko Monasterios, Jacob St-Arnaud<\/strong>, basses<\/p>\n<p><strong>Jean-Fran\u00e7ois Mailloux<\/strong>, piano<\/p>\n<p><strong>Jessica Latouche <\/strong>et<strong> Andrew McAnerney<\/strong>, conductors<\/p>\n<\/div><\/section><\/p><\/div>\n","protected":false},"excerpt":{"rendered":"","protected":false},"author":2,"featured_media":15918,"parent":0,"menu_order":0,"comment_status":"closed","ping_status":"closed","template":"","meta":{"episode_type":"","audio_file":"","cover_image":"","cover_image_id":"","duration":"","filesize":"","date_recorded":"","explicit":"","block":"","filesize_raw":""},"yst_prominent_words":[],"_links":{"self":[{"href":"https:\/\/smamontreal.ca\/en\/wp-json\/wp\/v2\/pages\/15868"}],"collection":[{"href":"https:\/\/smamontreal.ca\/en\/wp-json\/wp\/v2\/pages"}],"about":[{"href":"https:\/\/smamontreal.ca\/en\/wp-json\/wp\/v2\/types\/page"}],"author":[{"embeddable":true,"href":"https:\/\/smamontreal.ca\/en\/wp-json\/wp\/v2\/users\/2"}],"replies":[{"embeddable":true,"href":"https:\/\/smamontreal.ca\/en\/wp-json\/wp\/v2\/comments?post=15868"}],"version-history":[{"count":31,"href":"https:\/\/smamontreal.ca\/en\/wp-json\/wp\/v2\/pages\/15868\/revisions"}],"predecessor-version":[{"id":16613,"href":"https:\/\/smamontreal.ca\/en\/wp-json\/wp\/v2\/pages\/15868\/revisions\/16613"}],"wp:featuredmedia":[{"embeddable":true,"href":"https:\/\/smamontreal.ca\/en\/wp-json\/wp\/v2\/media\/15918"}],"wp:attachment":[{"href":"https:\/\/smamontreal.ca\/en\/wp-json\/wp\/v2\/media?parent=15868"}],"wp:term":[{"taxonomy":"yst_prominent_words","embeddable":true,"href":"https:\/\/smamontreal.ca\/en\/wp-json\/wp\/v2\/yst_prominent_words?post=15868"}],"curies":[{"name":"wp","href":"https:\/\/api.w.org\/{rel}","templated":true}]}}